{"id":3035,"date":"2025-12-02T13:45:40","date_gmt":"2025-12-02T13:45:40","guid":{"rendered":"https:\/\/portugalalma.com\/?page_id=3035"},"modified":"2026-01-08T15:23:12","modified_gmt":"2026-01-08T15:23:12","slug":"moradia-algarve","status":"publish","type":"page","link":"https:\/\/portugalalma.com\/pt\/a-nossa-colecao-de-assinatura\/moradia-algarve\/","title":{"rendered":"Villa Algarve"},"content":{"rendered":"<section class=\"bde-section-3035-100 bde-section\">\n              \n  \n  \n\t\n\n  <div class=\"section-background-overlay\"><\/div>\n\n\n<div class=\"section-container\"><div class=\"bde-text-3035-101 bde-text\">\nO Sol do Sul\n<\/div><h1 class=\"bde-heading-3035-102 bde-heading\">\nVilla Algarve\n<\/h1><\/div>\n<\/section><section id=\"scroll\" class=\"bde-section-3035-103 bde-section\">\n  \n  \n\t\n\n\n\n<div class=\"section-container\"><div class=\"bde-columns-3035-104 bde-columns\"><div class=\"bde-column-3035-105 bde-column\">\n  \n  \n\t\n\n\n\n<div class=\"bde-text-3035-106 bde-text\">\n\n<\/div><div class=\"bde-text-3035-107 bde-text\">\nAlgarve - O seu retiro de luxo privado\n<\/div><h1 class=\"bde-dual-heading-3035-108 bde-dual-heading\">\n\n\n            <span data-style=\"primary\" class=\"dual-heading--primary\">Esta privada, <\/span>\n\n            <span data-style=\"secondary\" class=\"dual-heading--secondary\">moradia de luxo <\/span>\n\n            <span data-style=\"primary\" class=\"dual-heading--primary\">oferece conforto e sol no sul de Portugal.<\/span>\n\n\n\n<\/h1><div class=\"bde-div-3035-109 bde-div\">\n  \n  \n\t\n\n\n\n<div class=\"bde-star-rating-3035-110 bde-star-rating\">\n\n\n\n  <div class='bde-star-rating__wrapper'>\n    <svg xmlns=\"http:\/\/www.w3.org\/2000\/svg\" ifill=\"currentColor\" d=\"icon-star-full\" viewbox=\"0 0 32 32\"><path d=\"M32 12.408l-11.056-1.607-4.944-10.018-4.944 10.018-11.056 1.607 8 7.798-1.889 11.011 9.889-5.199 9.889 5.199-1.889-11.011 8-7.798z\"><\/path><\/svg>\n    <svg xmlns=\"http:\/\/www.w3.org\/2000\/svg\" ifill=\"currentColor\" d=\"icon-star-full\" viewbox=\"0 0 32 32\"><path d=\"M32 12.408l-11.056-1.607-4.944-10.018-4.944 10.018-11.056 1.607 8 7.798-1.889 11.011 9.889-5.199 9.889 5.199-1.889-11.011 8-7.798z\"><\/path><\/svg>\n    <svg xmlns=\"http:\/\/www.w3.org\/2000\/svg\" ifill=\"currentColor\" d=\"icon-star-full\" viewbox=\"0 0 32 32\"><path d=\"M32 12.408l-11.056-1.607-4.944-10.018-4.944 10.018-11.056 1.607 8 7.798-1.889 11.011 9.889-5.199 9.889 5.199-1.889-11.011 8-7.798z\"><\/path><\/svg>\n    <svg xmlns=\"http:\/\/www.w3.org\/2000\/svg\" ifill=\"currentColor\" d=\"icon-star-full\" viewbox=\"0 0 32 32\"><path d=\"M32 12.408l-11.056-1.607-4.944-10.018-4.944 10.018-11.056 1.607 8 7.798-1.889 11.011 9.889-5.199 9.889 5.199-1.889-11.011 8-7.798z\"><\/path><\/svg>\n    <svg xmlns=\"http:\/\/www.w3.org\/2000\/svg\" ifill=\"currentColor\" d=\"icon-star-full\" viewbox=\"0 0 32 32\"><path d=\"M32 12.408l-11.056-1.607-4.944-10.018-4.944 10.018-11.056 1.607 8 7.798-1.889 11.011 9.889-5.199 9.889 5.199-1.889-11.011 8-7.798z\"><\/path><\/svg>\n  <\/div>\n\n\n\n<svg width=\"0\" height=\"0\">\n<lineargradient id=\"starhalf110\" x1=\"0\" x2=\"100%\" y1=\"0\" y2=\"0\">\n        <stop offset=\"0%\" stop-color=\"var(--bde-palette-accent-light-9)\"><\/stop>\n \t\t<stop offset=\"0%\" stop-color=\"lightgrey\"><\/stop>\n<\/lineargradient>\n<\/svg>\n\n<\/div><img decoding=\"async\" class=\"bde-image2-3035-111 bde-image2\" src=\"https:\/\/portugalalma.com\/wp-content\/uploads\/2025\/11\/booking.webp\" loading=\"lazy\" srcset=\"https:\/\/portugalalma.com\/wp-content\/uploads\/2025\/11\/booking.webp 250w, https:\/\/portugalalma.com\/wp-content\/uploads\/2025\/11\/booking-12x12.webp 12w\" sizes=\"(max-width: 250px) 100vw, 250px\"><div class=\"bde-text-3035-112 bde-text\">\n<b>9.4\/10<\/b> Excelente na reserva\n<\/div>\n<\/div><div class=\"bde-text-3035-113 bde-text\" data-entrance=\"fade\">\nBem-vindo \u00e0 Villa Algarve, um ref\u00fagio de luxo privado e contempor\u00e2neo no sul de Portugal (Alcantarilha). Esta casa nova e de topo foi criada para o descanso absoluto, oferecendo um espa\u00e7o exclusivo onde o sol, o conforto e a privacidade se encontram. Desfrute da sua piscina privada, de um design interior de alta qualidade e de todas as comodidades modernas. Estamos estrategicamente localizados para lhe dar acesso privilegiado e r\u00e1pido \u00e0s melhores praias do Algarve, garantindo que o seu tempo \u00e9 passado a desfrutar, longe das multid\u00f5es. Este \u00e9 o seu getaway exclusivo.\n<\/div><h3 class=\"bde-heading-3035-114 bde-heading\">\nCheck-in\/Out\n<\/h3><div class=\"bde-icon-list-3035-115 bde-icon-list\">\n<ul>\n  \n              \n    <li>\n              <div class='bde-icon-list__item-wrapper'>\n      \n      <span class='bde-icon-list__icon'>\n        <svg xmlns=\"http:\/\/www.w3.org\/2000\/svg\" id=\"icon-enter\" viewbox=\"0 0 32 32\">\n<path d=\"M12 16h-10v-4h10v-4l6 6-6 6zM32 0v26l-12 6v-6h-12v-8h2v6h10v-18l8-4h-18v8h-2v-10z\"\/>\n<\/svg>\n      <\/span>\n      <span class='bde-icon-list__text' >\n      <b>Check-in:<\/b><br>todos os dias das 15:00 \u00e0s 23:59\n      <\/span>\n              <\/div>\n      \n    <\/li>\n\n  \n              \n    <li>\n              <div class='bde-icon-list__item-wrapper'>\n      \n      <span class='bde-icon-list__icon'>\n        <svg xmlns=\"http:\/\/www.w3.org\/2000\/svg\" id=\"icon-exit\" viewbox=\"0 0 32 32\">\n<path d=\"M24 20v-4h-10v-4h10v-4l6 6zM22 18v8h-10v6l-12-6v-26h22v10h-2v-8h-16l8 4v18h8v-6z\"\/>\n<\/svg>\n      <\/span>\n      <span class='bde-icon-list__text' >\n      <b>Check-out:<\/b><br>antes das 11:00\n      <\/span>\n              <\/div>\n      \n    <\/li>\n\n  <\/ul>\n\n<\/div><h3 class=\"bde-heading-3035-116 bde-heading\">\nInforma\u00e7\u00f5es \u00fateis e pol\u00edticas\n<\/h3><div class=\"bde-icon-list-3035-117 bde-icon-list\">\n<ul>\n  \n              \n    <li>\n              <div class='bde-icon-list__item-wrapper'>\n      \n      <span class='bde-icon-list__icon'>\n        <svg xmlns=\"http:\/\/www.w3.org\/2000\/svg\" viewbox=\"0 0 640 512\"><!--! Font Awesome Free 6.5.1 by @fontawesome - https:\/\/fontawesome.com License - https:\/\/fontawesome.com\/license\/free (Icons: CC BY 4.0, Fonts: SIL OFL 1.1, Code: MIT License) Copyright 2023 Fonticons, Inc. --><path d=\"M320.7 352c8.1-89.7 83.5-160 175.3-160c8.9 0 17.6 .7 26.1 1.9L309.5 7c-6-5-14-7-21-7s-15 1-22 8L10 231.5c-7 7-10 15-10 24c0 18 14 32.1 32 32.1h32v69.7c-.1 .9-.1 1.8-.1 2.8V472c0 22.1 17.9 40 40 40h16c1.2 0 2.4-.1 3.6-.2c1.5 .1 3 .2 4.5 .2H160h24c22.1 0 40-17.9 40-40V448 384c0-17.7 14.3-32 32-32h64l.7 0zM496 512a144 144 0 1 0 0-288 144 144 0 1 0 0 288zm59.3-180.7L518.6 368l36.7 36.7c6.2 6.2 6.2 16.4 0 22.6s-16.4 6.2-22.6 0L496 390.6l-36.7 36.7c-6.2 6.2-16.4 6.2-22.6 0s-6.2-16.4 0-22.6L473.4 368l-36.7-36.7c-6.2-6.2-6.2-16.4 0-22.6s16.4-6.2 22.6 0L496 345.4l36.7-36.7c6.2-6.2 16.4-6.2 22.6 0s6.2 16.4 0 22.6z\"\/><\/svg>\n      <\/span>\n      <span class='bde-icon-list__text' >\n      <b>Pol\u00edtica de cancelamento<\/b><br>Cancelamento gratuito 48 horas antes do check-in.\n      <\/span>\n              <\/div>\n      \n    <\/li>\n\n  \n              \n    <li>\n              <div class='bde-icon-list__item-wrapper'>\n      \n      <span class='bde-icon-list__icon'>\n        <svg xmlns=\"http:\/\/www.w3.org\/2000\/svg\" viewbox=\"0 0 640 512\"><!--! Font Awesome Free 6.5.1 by @fontawesome - https:\/\/fontawesome.com License - https:\/\/fontawesome.com\/license\/free (Icons: CC BY 4.0, Fonts: SIL OFL 1.1, Code: MIT License) Copyright 2023 Fonticons, Inc. --><path d=\"M54.2 202.9C123.2 136.7 216.8 96 320 96s196.8 40.7 265.8 106.9c12.8 12.2 33 11.8 45.2-.9s11.8-33-.9-45.2C549.7 79.5 440.4 32 320 32S90.3 79.5 9.8 156.7C-2.9 169-3.3 189.2 8.9 202s32.5 13.2 45.2 .9zM320 256c56.8 0 108.6 21.1 148.2 56c13.3 11.7 33.5 10.4 45.2-2.8s10.4-33.5-2.8-45.2C459.8 219.2 393 192 320 192s-139.8 27.2-190.5 72c-13.3 11.7-14.5 31.9-2.8 45.2s31.9 14.5 45.2 2.8c39.5-34.9 91.3-56 148.2-56zm64 160a64 64 0 1 0 -128 0 64 64 0 1 0 128 0z\"\/><\/svg>\n      <\/span>\n      <span class='bde-icon-list__text' >\n      <b>Wi-Fi<\/b><br>Acesso Wi-Fi gratuito de alta velocidade dispon\u00edvel em todas as propriedades.\n      <\/span>\n              <\/div>\n      \n    <\/li>\n\n  \n              \n    <li>\n              <div class='bde-icon-list__item-wrapper'>\n      \n      <span class='bde-icon-list__icon'>\n        <svg xmlns=\"http:\/\/www.w3.org\/2000\/svg\" viewbox=\"0 0 512 512\"><!--! Font Awesome Free 6.5.1 by @fontawesome - https:\/\/fontawesome.com License - https:\/\/fontawesome.com\/license\/free (Icons: CC BY 4.0, Fonts: SIL OFL 1.1, Code: MIT License) Copyright 2023 Fonticons, Inc. --><path d=\"M99.5 144.8L178.7 224l96 96 92.5 92.5C335.9 434.9 297.5 448 256 448C150 448 64 362 64 256c0-41.5 13.1-79.9 35.5-111.2zM333.3 288l-32-32H384v32H333.3zm32 32H400c8.8 0 16-7.2 16-16V240c0-8.8-7.2-16-16-16H269.3L144.8 99.5C176.1 77.1 214.5 64 256 64c106 0 192 86 192 192c0 41.5-13.1 79.9-35.5 111.2L365.3 320zM256 512A256 256 0 1 0 256 0a256 256 0 1 0 0 512zM272 96c-8.8 0-16 7.2-16 16c0 26.5 21.5 48 48 48h32c8.8 0 16 7.2 16 16s7.2 16 16 16s16-7.2 16-16c0-26.5-21.5-48-48-48H304c-8.8 0-16-7.2-16-16s-7.2-16-16-16zM229.5 320l-96-96H112c-8.8 0-16 7.2-16 16v64c0 8.8 7.2 16 16 16H229.5z\"\/><\/svg>\n      <\/span>\n      <span class='bde-icon-list__text' >\n      <b>N\u00e3o fumar<\/b><br>N\u00e3o \u00e9 permitido fumar no interior das casas. \n      <\/span>\n              <\/div>\n      \n    <\/li>\n\n  \n              \n    <li>\n              <div class='bde-icon-list__item-wrapper'>\n      \n      <span class='bde-icon-list__icon'>\n        <svg xmlns=\"http:\/\/www.w3.org\/2000\/svg\" viewbox=\"0 0 576 512\"><!--! Font Awesome Free 6.5.1 by @fontawesome - https:\/\/fontawesome.com License - https:\/\/fontawesome.com\/license\/free (Icons: CC BY 4.0, Fonts: SIL OFL 1.1, Code: MIT License) Copyright 2023 Fonticons, Inc. --><path d=\"M309.6 158.5L332.7 19.8C334.6 8.4 344.5 0 356.1 0c7.5 0 14.5 3.5 19 9.5L392 32h52.1c12.7 0 24.9 5.1 33.9 14.1L496 64h56c13.3 0 24 10.7 24 24v24c0 44.2-35.8 80-80 80H464 448 426.7l-5.1 30.5-112-64zM416 256.1L416 480c0 17.7-14.3 32-32 32H352c-17.7 0-32-14.3-32-32V364.8c-24 12.3-51.2 19.2-80 19.2s-56-6.9-80-19.2V480c0 17.7-14.3 32-32 32H96c-17.7 0-32-14.3-32-32V249.8c-28.8-10.9-51.4-35.3-59.2-66.5L1 167.8c-4.3-17.1 6.1-34.5 23.3-38.8s34.5 6.1 38.8 23.3l3.9 15.5C70.5 182 83.3 192 98 192h30 16H303.8L416 256.1zM464 80a16 16 0 1 0 -32 0 16 16 0 1 0 32 0z\"\/><\/svg>\n      <\/span>\n      <span class='bde-icon-list__text' >\n      <b>Animais de estima\u00e7\u00e3o<\/b><br>S\u00e3o permitidos animais de estima\u00e7\u00e3o mediante pedido. Poder\u00e3o ser aplicadas taxas.\n      <\/span>\n              <\/div>\n      \n    <\/li>\n\n  <\/ul>\n\n<\/div><div class=\"bde-google-map-3035-129 bde-google-map\">\n\r\n<iframe width=\"100%\" height=\"100%\" style=\"border:0\" loading=\"lazy\" title=\"Mapa\" src=\"https:\/\/maps.google.com\/maps?q=Portugal+Alma+Villa+Algarve&t=m&z=14&output=embed&iwloc=near\" allowfullscreen><\/iframe>\n\n<\/div>\n<\/div><div class=\"bde-column-3035-118 bde-column\">\n  \n  \n\t\n\n\n\n<div class=\"bde-div-3035-119 bde-div\">\n  \n  \n\t\n\n\n\n<div class=\"bde-div-3035-120 bde-div\">\n  \n  \n\t\n\n\n\n<h3 class=\"bde-heading-3035-121 bde-heading\">\nReservar Villa Algarve agora \n<\/h3><div class=\"bde-text-3035-122 bde-text\">\nVerifique a disponibilidade, selecione as suas datas e reserve a sua estadia.\n<\/div><div class=\"bde-icon-list-3035-123 bde-icon-list\">\n<ul>\n  \n              \n    <li>\n              <div class='bde-icon-list__item-wrapper'>\n      \n      <span class='bde-icon-list__icon'>\n        <svg xmlns=\"http:\/\/www.w3.org\/2000\/svg\" viewbox=\"0 0 640 512\"><!--! Font Awesome Free 6.5.1 by @fontawesome - https:\/\/fontawesome.com License - https:\/\/fontawesome.com\/license\/free (Icons: CC BY 4.0, Fonts: SIL OFL 1.1, Code: MIT License) Copyright 2023 Fonticons, Inc. --><path d=\"M32 64c17.7 0 32 14.3 32 32l0 320c0 17.7-14.3 32-32 32s-32-14.3-32-32V96C0 78.3 14.3 64 32 64zm214.6 73.4c12.5 12.5 12.5 32.8 0 45.3L205.3 224l229.5 0-41.4-41.4c-12.5-12.5-12.5-32.8 0-45.3s32.8-12.5 45.3 0l96 96c12.5 12.5 12.5 32.8 0 45.3l-96 96c-12.5 12.5-32.8 12.5-45.3 0s-12.5-32.8 0-45.3L434.7 288l-229.5 0 41.4 41.4c12.5 12.5 12.5 32.8 0 45.3s-32.8 12.5-45.3 0l-96-96c-12.5-12.5-12.5-32.8 0-45.3l96-96c12.5-12.5 32.8-12.5 45.3 0zM640 96V416c0 17.7-14.3 32-32 32s-32-14.3-32-32V96c0-17.7 14.3-32 32-32s32 14.3 32 32z\"\/><\/svg>\n      <\/span>\n      <span class='bde-icon-list__text' >\n      Tamanho da casa 205m2\n      <\/span>\n              <\/div>\n      \n    <\/li>\n\n  \n              \n    <li>\n              <div class='bde-icon-list__item-wrapper'>\n      \n      <span class='bde-icon-list__icon'>\n        <svg xmlns=\"http:\/\/www.w3.org\/2000\/svg\" viewbox=\"0 0 640 512\"><!--! Font Awesome Free 6.5.1 by @fontawesome - https:\/\/fontawesome.com License - https:\/\/fontawesome.com\/license\/free (Icons: CC BY 4.0, Fonts: SIL OFL 1.1, Code: MIT License) Copyright 2023 Fonticons, Inc. --><path d=\"M32 32c17.7 0 32 14.3 32 32V320H288V160c0-17.7 14.3-32 32-32H544c53 0 96 43 96 96V448c0 17.7-14.3 32-32 32s-32-14.3-32-32V416H352 320 64v32c0 17.7-14.3 32-32 32s-32-14.3-32-32V64C0 46.3 14.3 32 32 32zm144 96a80 80 0 1 1 0 160 80 80 0 1 1 0-160z\"\/><\/svg>\n      <\/span>\n      <span class='bde-icon-list__text' >\n      2 quartos\n      <\/span>\n              <\/div>\n      \n    <\/li>\n\n  \n              \n    <li>\n              <div class='bde-icon-list__item-wrapper'>\n      \n      <span class='bde-icon-list__icon'>\n        <svg xmlns=\"http:\/\/www.w3.org\/2000\/svg\" viewbox=\"0 0 512 512\"><!--! Font Awesome Free 6.5.1 by @fontawesome - https:\/\/fontawesome.com License - https:\/\/fontawesome.com\/license\/free (Icons: CC BY 4.0, Fonts: SIL OFL 1.1, Code: MIT License) Copyright 2023 Fonticons, Inc. --><path d=\"M64 131.9C64 112.1 80.1 96 99.9 96c9.5 0 18.6 3.8 25.4 10.5l16.2 16.2c-21 38.9-17.4 87.5 10.9 123L151 247c-9.4 9.4-9.4 24.6 0 33.9s24.6 9.4 33.9 0L345 121c9.4-9.4 9.4-24.6 0-33.9s-24.6-9.4-33.9 0l-1.3 1.3c-35.5-28.3-84.2-31.9-123-10.9L170.5 61.3C151.8 42.5 126.4 32 99.9 32C44.7 32 0 76.7 0 131.9V448c0 17.7 14.3 32 32 32s32-14.3 32-32V131.9zM256 352a32 32 0 1 0 0-64 32 32 0 1 0 0 64zm64 64a32 32 0 1 0 -64 0 32 32 0 1 0 64 0zm0-128a32 32 0 1 0 0-64 32 32 0 1 0 0 64zm64 64a32 32 0 1 0 -64 0 32 32 0 1 0 64 0zm0-128a32 32 0 1 0 0-64 32 32 0 1 0 0 64zm64 64a32 32 0 1 0 -64 0 32 32 0 1 0 64 0zm32-32a32 32 0 1 0 0-64 32 32 0 1 0 0 64z\"\/><\/svg>\n      <\/span>\n      <span class='bde-icon-list__text' >\n      4 Casas de banho\n      <\/span>\n              <\/div>\n      \n    <\/li>\n\n  \n              \n    <li>\n              <div class='bde-icon-list__item-wrapper'>\n      \n      <span class='bde-icon-list__icon'>\n        <svg xmlns=\"http:\/\/www.w3.org\/2000\/svg\" id=\"icon-user\" viewbox=\"0 0 32 32\">\n<path d=\"M18 22.082v-1.649c2.203-1.241 4-4.337 4-7.432 0-4.971 0-9-6-9s-6 4.029-6 9c0 3.096 1.797 6.191 4 7.432v1.649c-6.784 0.555-12 3.888-12 7.918h28c0-4.030-5.216-7.364-12-7.918z\"\/>\n<\/svg>\n      <\/span>\n      <span class='bde-icon-list__text' >\n      At\u00e9 8 pessoas\n      <\/span>\n              <\/div>\n      \n    <\/li>\n\n  <\/ul>\n\n<\/div><div class=\"bde-button-3035-124 bde-button\">\n    \n                                    \n    \n    \n    \n    \n            \n                    \n            \n            \n\n    \n    \n    \n    \n    \n    <a class=\"breakdance-link button-atom button-atom--secondary bde-button__button\" href=\"https:\/\/portugalalma.bookpage.io\/it\/properties\/146280\" target=\"_blank\" data-type=\"url\"  >\n\n    \n        <span class=\"button-atom__text\">RESERVAR AGORA<\/span>\n\n        \n        \n                <\/a>\n\n    \n\n\n<\/div><div class=\"bde-icon-list-3035-125 bde-icon-list\">\n<ul>\n  \n              \n    <li>\n              <div class='bde-icon-list__item-wrapper'>\n      \n      <span class='bde-icon-list__icon'>\n        <svg xmlns=\"http:\/\/www.w3.org\/2000\/svg\" id=\"icon-price-tag\" viewbox=\"0 0 32 32\">\n<path d=\"M30.5 0h-12c-0.825 0-1.977 0.477-2.561 1.061l-14.879 14.879c-0.583 0.583-0.583 1.538 0 2.121l12.879 12.879c0.583 0.583 1.538 0.583 2.121 0l14.879-14.879c0.583-0.583 1.061-1.736 1.061-2.561v-12c0-0.825-0.675-1.5-1.5-1.5zM23 12c-1.657 0-3-1.343-3-3s1.343-3 3-3 3 1.343 3 3-1.343 3-3 3z\"\/>\n<\/svg>\n      <\/span>\n      <span class='bde-icon-list__text' >\n      Melhor tarifa online\n      <\/span>\n              <\/div>\n      \n    <\/li>\n\n  <\/ul>\n\n<\/div>\n<\/div><div class=\"bde-icon-list-3035-126 bde-icon-list\">\n<ul>\n  \n              \n    <li>\n              <div class='bde-icon-list__item-wrapper'>\n      \n      <span class='bde-icon-list__icon'>\n        <svg xmlns=\"http:\/\/www.w3.org\/2000\/svg\" viewbox=\"0 0 640 512\"><!--! Font Awesome Free 6.5.1 by @fontawesome - https:\/\/fontawesome.com License - https:\/\/fontawesome.com\/license\/free (Icons: CC BY 4.0, Fonts: SIL OFL 1.1, Code: MIT License) Copyright 2023 Fonticons, Inc. --><path d=\"M54.2 202.9C123.2 136.7 216.8 96 320 96s196.8 40.7 265.8 106.9c12.8 12.2 33 11.8 45.2-.9s11.8-33-.9-45.2C549.7 79.5 440.4 32 320 32S90.3 79.5 9.8 156.7C-2.9 169-3.3 189.2 8.9 202s32.5 13.2 45.2 .9zM320 256c56.8 0 108.6 21.1 148.2 56c13.3 11.7 33.5 10.4 45.2-2.8s10.4-33.5-2.8-45.2C459.8 219.2 393 192 320 192s-139.8 27.2-190.5 72c-13.3 11.7-14.5 31.9-2.8 45.2s31.9 14.5 45.2 2.8c39.5-34.9 91.3-56 148.2-56zm64 160a64 64 0 1 0 -128 0 64 64 0 1 0 128 0z\"\/><\/svg>\n      <\/span>\n      <span class='bde-icon-list__text' >\n      Wi-Fi gratuito\n      <\/span>\n              <\/div>\n      \n    <\/li>\n\n  \n              \n    <li>\n              <div class='bde-icon-list__item-wrapper'>\n      \n      <span class='bde-icon-list__icon'>\n        <svg xmlns=\"http:\/\/www.w3.org\/2000\/svg\" viewbox=\"0 0 448 512\"><!--! Font Awesome Free 6.5.1 by @fontawesome - https:\/\/fontawesome.com License - https:\/\/fontawesome.com\/license\/free (Icons: CC BY 4.0, Fonts: SIL OFL 1.1, Code: MIT License) Copyright 2023 Fonticons, Inc. --><path d=\"M64 32C28.7 32 0 60.7 0 96V416c0 35.3 28.7 64 64 64H384c35.3 0 64-28.7 64-64V96c0-35.3-28.7-64-64-64H64zM192 256h48c17.7 0 32-14.3 32-32s-14.3-32-32-32H192v64zm48 64H192v32c0 17.7-14.3 32-32 32s-32-14.3-32-32V288 168c0-22.1 17.9-40 40-40h72c53 0 96 43 96 96s-43 96-96 96z\"\/><\/svg>\n      <\/span>\n      <span class='bde-icon-list__text' >\n      Estacionamento gr\u00e1tis privado\n      <\/span>\n              <\/div>\n      \n    <\/li>\n\n  \n              \n    <li>\n              <div class='bde-icon-list__item-wrapper'>\n      \n      <span class='bde-icon-list__icon'>\n        <svg xmlns=\"http:\/\/www.w3.org\/2000\/svg\" viewbox=\"0 0 512 512\"><!--! Font Awesome Free 6.5.1 by @fontawesome - https:\/\/fontawesome.com License - https:\/\/fontawesome.com\/license\/free (Icons: CC BY 4.0, Fonts: SIL OFL 1.1, Code: MIT License) Copyright 2023 Fonticons, Inc. --><path d=\"M448 96a32 32 0 1 0 -64 0 32 32 0 1 0 64 0zM320 96a96 96 0 1 1 192 0A96 96 0 1 1 320 96zM144 64c-26.5 0-48 21.5-48 48V276.5c0 17.3-7.1 31.9-15.3 42.5C70.2 332.6 64 349.5 64 368c0 44.2 35.8 80 80 80s80-35.8 80-80c0-18.5-6.2-35.4-16.7-48.9c-8.2-10.6-15.3-25.2-15.3-42.5V112c0-26.5-21.5-48-48-48zM32 112C32 50.2 82.1 0 144 0s112 50.1 112 112V276.5c0 .1 .1 .3 .2 .6c.2 .6 .8 1.6 1.7 2.8c18.9 24.4 30.1 55 30.1 88.1c0 79.5-64.5 144-144 144S0 447.5 0 368c0-33.2 11.2-63.8 30.1-88.1c.9-1.2 1.5-2.2 1.7-2.8c.1-.3 .2-.5 .2-.6V112zM192 368c0 26.5-21.5 48-48 48s-48-21.5-48-48c0-20.9 13.4-38.7 32-45.3V272c0-8.8 7.2-16 16-16s16 7.2 16 16v50.7c18.6 6.6 32 24.4 32 45.3z\"\/><\/svg>\n      <\/span>\n      <span class='bde-icon-list__text' >\n      Ar condicionado\n      <\/span>\n              <\/div>\n      \n    <\/li>\n\n  \n              \n    <li>\n              <div class='bde-icon-list__item-wrapper'>\n      \n      <span class='bde-icon-list__icon'>\n        <svg xmlns=\"http:\/\/www.w3.org\/2000\/svg\" id=\"icon-spoon-knife\" viewbox=\"0 0 32 32\">\n<path d=\"M7 0c-3.314 0-6 3.134-6 7 0 3.31 1.969 6.083 4.616 6.812l-0.993 16.191c-0.067 1.098 0.778 1.996 1.878 1.996h1c1.1 0 1.945-0.898 1.878-1.996l-0.993-16.191c2.646-0.729 4.616-3.502 4.616-6.812 0-3.866-2.686-7-6-7zM27.167 0l-1.667 10h-1.25l-0.833-10h-0.833l-0.833 10h-1.25l-1.667-10h-0.833v13c0 0.552 0.448 1 1 1h2.604l-0.982 16.004c-0.067 1.098 0.778 1.996 1.878 1.996h1c1.1 0 1.945-0.898 1.878-1.996l-0.982-16.004h2.604c0.552 0 1-0.448 1-1v-13h-0.833z\"\/>\n<\/svg>\n      <\/span>\n      <span class='bde-icon-list__text' >\n      Cozinha privada\n      <\/span>\n              <\/div>\n      \n    <\/li>\n\n  \n              \n    <li>\n              <div class='bde-icon-list__item-wrapper'>\n      \n      <span class='bde-icon-list__icon'>\n        <svg xmlns=\"http:\/\/www.w3.org\/2000\/svg\" viewbox=\"0 0 576 512\"><!--! Font Awesome Free 6.5.1 by @fontawesome - https:\/\/fontawesome.com License - https:\/\/fontawesome.com\/license\/free (Icons: CC BY 4.0, Fonts: SIL OFL 1.1, Code: MIT License) Copyright 2023 Fonticons, Inc. --><path d=\"M128 127.7C128 74.9 170.9 32 223.7 32c48.3 0 89 36 95 83.9l1 8.2c2.2 17.5-10.2 33.5-27.8 35.7s-33.5-10.2-35.7-27.8l-1-8.2c-2-15.9-15.5-27.8-31.5-27.8c-17.5 0-31.7 14.2-31.7 31.7V224H384V127.7C384 74.9 426.9 32 479.7 32c48.3 0 89 36 95 83.9l1 8.2c2.2 17.5-10.2 33.5-27.8 35.7s-33.5-10.2-35.7-27.8l-1-8.2c-2-15.9-15.5-27.8-31.5-27.8c-17.5 0-31.7 14.2-31.7 31.7V361c-1.6 1-3.3 2-4.8 3.1c-18 12.4-40.1 20.3-59.2 20.3h0V288H192v96.5c-19 0-41.2-7.9-59.1-20.3c-1.6-1.1-3.2-2.2-4.9-3.1V127.7zM306.5 389.9C329 405.4 356.5 416 384 416c26.9 0 55.4-10.8 77.4-26.1l0 0c11.9-8.5 28.1-7.8 39.2 1.7c14.4 11.9 32.5 21 50.6 25.2c17.2 4 27.9 21.2 23.9 38.4s-21.2 27.9-38.4 23.9c-24.5-5.7-44.9-16.5-58.2-25C449.5 469.7 417 480 384 480c-31.9 0-60.6-9.9-80.4-18.9c-5.8-2.7-11.1-5.3-15.6-7.7c-4.5 2.4-9.7 5.1-15.6 7.7c-19.8 9-48.5 18.9-80.4 18.9c-33 0-65.5-10.3-94.5-25.8c-13.4 8.4-33.7 19.3-58.2 25c-17.2 4-34.4-6.7-38.4-23.9s6.7-34.4 23.9-38.4c18.1-4.2 36.2-13.3 50.6-25.2c11.1-9.4 27.3-10.1 39.2-1.7l0 0C136.7 405.2 165.1 416 192 416c27.5 0 55-10.6 77.5-26.1c11.1-7.9 25.9-7.9 37 0z\"\/><\/svg>\n      <\/span>\n      <span class='bde-icon-list__text' >\n      Piscina exterior<br>\n      <\/span>\n              <\/div>\n      \n    <\/li>\n\n  \n              \n    <li>\n              <div class='bde-icon-list__item-wrapper'>\n      \n      <span class='bde-icon-list__icon'>\n        <svg xmlns=\"http:\/\/www.w3.org\/2000\/svg\" xmlns:xlink=\"http:\/\/www.w3.org\/1999\/xlink\" fill=\"#000000\" height=\"800px\" width=\"800px\" version=\"1.1\" id=\"Layer_1\" viewbox=\"0 0 512 512\" xml:space=\"preserve\">\r\n<g>\r\n\t<g>\r\n\t\t<path d=\"M116.364,346.346H46.545v-69.818c0-12.853-10.42-23.273-23.273-23.273C10.42,253.255,0,263.675,0,276.528v93.091v93.091    c0,12.853,10.42,23.273,23.273,23.273c12.853,0,23.273-10.42,23.273-23.273v-69.818h46.545v69.818    c0,12.853,10.42,23.273,23.273,23.273s23.273-10.42,23.273-23.273v-93.091C139.636,356.766,129.216,346.346,116.364,346.346z\"\/>\r\n\t<\/g>\r\n<\/g>\r\n<g>\r\n\t<g>\r\n\t\t<path d=\"M488.727,253.255c-12.853,0-23.273,10.42-23.273,23.273v69.818h-69.818c-12.853,0-23.273,10.42-23.273,23.273v93.091    c0,12.853,10.42,23.273,23.273,23.273c12.853,0,23.273-10.42,23.273-23.273v-69.818h46.545v69.818    c0,12.853,10.42,23.273,23.273,23.273c12.853,0,23.273-10.42,23.273-23.273v-93.091v-93.091    C512,263.675,501.58,253.255,488.727,253.255z\"\/>\r\n\t<\/g>\r\n<\/g>\r\n<g>\r\n\t<g>\r\n\t\t<path d=\"M507.012,170.947C481.977,127.687,446,91.404,402.97,66.025c-44.373-26.174-95.193-40.007-146.972-40.007    c-51.776,0-102.597,13.835-146.97,40.007C66,91.406,30.023,127.687,4.988,170.947c-4.166,7.201-4.174,16.077-0.019,23.284    c4.156,7.207,11.843,11.646,20.16,11.646h207.597v62.894h-54.303c-12.853,0-23.273,10.42-23.273,23.273    c0,12.853,10.42,23.273,23.273,23.273h54.303V462.71c0,12.853,10.42,23.273,23.273,23.273c12.853,0,23.273-10.42,23.273-23.273    V315.316h54.303c12.853,0,23.273-10.42,23.273-23.273s-10.42-23.273-23.273-23.273h-54.303v-62.894H486.87    c8.318,0,16.004-4.44,20.16-11.646C511.187,187.024,511.179,178.148,507.012,170.947z M69.831,159.333    c45.836-54.328,113.987-86.77,186.169-86.77s140.333,32.442,186.169,86.77H69.831z\"\/>\r\n\t<\/g>\r\n<\/g>\r\n<\/svg>\n      <\/span>\n      <span class='bde-icon-list__text' >\n      Terra\u00e7o\n      <\/span>\n              <\/div>\n      \n    <\/li>\n\n  \n              \n    <li>\n              <div class='bde-icon-list__item-wrapper'>\n      \n      <span class='bde-icon-list__icon'>\n        <svg xmlns=\"http:\/\/www.w3.org\/2000\/svg\" xmlns:xlink=\"http:\/\/www.w3.org\/1999\/xlink\" fill=\"#000000\" height=\"800px\" width=\"800px\" version=\"1.1\" id=\"Capa_1\" viewbox=\"0 0 66.492 66.492\" xml:space=\"preserve\">\r\n<g>\r\n\t<path d=\"M56.141,0H10.353C5.786,0,2.07,3.716,2.07,8.283v49.926c0,4.567,3.716,8.283,8.283,8.283h45.786   c4.566,0,8.282-3.716,8.282-8.283V8.283C64.423,3.716,60.706,0,56.141,0z M10.353,6h45.786c1.26,0,2.282,1.024,2.282,2.283v4.586   H8.071V8.283C8.071,7.025,9.095,6,10.353,6z M56.141,60.492H10.353c-1.259,0-2.283-1.024-2.283-2.283v-39.34h50.352v39.34   C58.423,59.468,57.398,60.492,56.141,60.492z\"\/>\r\n\t<path d=\"M32.996,22.441c-8.986,0-16.297,7.311-16.297,16.296c0,8.986,7.311,16.298,16.297,16.298s16.297-7.312,16.297-16.298   C49.293,29.752,41.982,22.441,32.996,22.441z M32.996,49.034c-5.678,0-10.297-4.619-10.297-10.297   c0-5.678,4.619-10.297,10.297-10.297s10.297,4.619,10.297,10.297C43.293,44.415,38.674,49.034,32.996,49.034z\"\/>\r\n<\/g>\r\n<\/svg>\n      <\/span>\n      <span class='bde-icon-list__text' >\n      M\u00e1quina de lavar roupa\n      <\/span>\n              <\/div>\n      \n    <\/li>\n\n  \n              \n    <li>\n              <div class='bde-icon-list__item-wrapper'>\n      \n      <span class='bde-icon-list__icon'>\n        <svg xmlns=\"http:\/\/www.w3.org\/2000\/svg\" xmlns:xlink=\"http:\/\/www.w3.org\/1999\/xlink\" fill=\"#000000\" version=\"1.1\" id=\"Capa_1\" width=\"800px\" height=\"800px\" viewbox=\"0 0 590.855 590.855\" xml:space=\"preserve\">\r\n<g>\r\n\t<g>\r\n\t\t<path d=\"M107.039,395.127c20.164,17.057,42.688,31.113,66.83,41.906l-21.812,128.309c-1.983,11.662,5.865,22.725,17.527,24.707    c1.215,0.205,2.423,0.307,3.616,0.307c10.253,0,19.315-7.387,21.091-17.834l5.761-33.889h190.752l5.761,33.889    c1.775,10.447,10.837,17.834,21.091,17.834c1.191,0,2.401-0.102,3.616-0.307c11.662-1.982,19.51-13.045,17.526-24.707    l-21.812-128.309c24.143-10.793,46.666-24.85,66.83-41.906c25.421-21.504,46.068-46.814,61.371-75.232    c15.929-29.579,25.405-61.327,28.168-94.36c1.348-16.104-4.163-32.173-15.119-44.083c-10.987-11.946-26.598-18.796-42.827-18.796    H75.446c-16.229,0-31.839,6.851-42.827,18.796C21.663,193.361,16.152,209.43,17.5,225.536    c2.762,33.032,12.239,64.78,28.167,94.359C60.97,348.312,81.618,373.623,107.039,395.127z M75.446,205.495h439.963    c8.911,0,15.998,7.59,15.255,16.47c-6.172,73.805-53.483,137.152-121.138,171.186c-12.883,6.48-26.5,11.898-40.714,16.123    c-23.099,6.863-47.763,10.582-73.385,10.582s-50.286-3.719-73.384-10.582c-14.214-4.223-27.832-9.643-40.714-16.123    C113.674,359.117,66.362,295.77,60.191,221.965C59.447,213.085,66.535,205.495,75.446,205.495z M383.521,495.793H207.334    l7.485-44.027c25.888,7.195,53.008,10.932,80.608,10.932s54.721-3.736,80.608-10.932L383.521,495.793z\"\/>\r\n\t\t<path d=\"M417.655,590.855c-10.709,0-19.786-7.676-21.584-18.25l-5.689-33.473H200.474l-5.69,33.473    c-1.798,10.574-10.875,18.25-21.584,18.25c-1.222,0-2.466-0.105-3.699-0.313c-5.773-0.981-10.817-4.151-14.205-8.928    c-3.388-4.775-4.713-10.584-3.731-16.356l21.747-127.927c-24.239-10.875-46.642-24.944-66.595-41.822    c-25.47-21.545-46.158-46.906-61.489-75.377c-15.961-29.64-25.457-61.453-28.225-94.555c-1.359-16.245,4.199-32.452,15.249-44.465    c11.082-12.048,26.826-18.958,43.195-18.958h439.963c16.37,0,32.114,6.91,43.195,18.958c11.051,12.013,16.608,28.22,15.249,44.463    c-2.769,33.104-12.265,64.917-28.226,94.556c-15.332,28.472-36.02,53.832-61.488,75.377    c-19.953,16.878-42.356,30.947-66.596,41.822l21.747,127.927c0.981,5.772-0.344,11.581-3.731,16.356s-8.433,7.946-14.204,8.928    C420.122,590.75,418.877,590.855,417.655,590.855z M199.629,538.133h191.597l5.832,34.305    c1.715,10.093,10.378,17.418,20.598,17.418c1.166,0,2.355-0.101,3.533-0.3c5.508-0.937,10.322-3.962,13.556-8.52    s4.498-10.102,3.561-15.61l-21.876-128.69l0.354-0.158c24.288-10.858,46.733-24.933,66.711-41.832    c25.373-21.463,45.981-46.727,61.254-75.088c15.896-29.517,25.354-61.199,28.11-94.165c1.336-15.966-4.127-31.896-14.989-43.704    c-10.893-11.843-26.368-18.635-42.459-18.635H75.446c-16.09,0-31.566,6.792-42.459,18.635    c-10.861,11.808-16.325,27.738-14.988,43.705c2.756,32.964,12.214,64.645,28.109,94.163c15.271,28.361,35.88,53.624,61.254,75.088    c19.978,16.899,42.423,30.974,66.711,41.832l0.354,0.158l-21.877,128.69c-0.937,5.509,0.328,11.053,3.561,15.61    c3.233,4.558,8.048,7.583,13.557,8.52c1.177,0.199,2.366,0.3,3.532,0.3c10.22,0,18.883-7.325,20.598-17.418L199.629,538.133z     M384.112,496.293H206.742l7.677-45.157l0.534,0.148c26.054,7.241,53.129,10.913,80.474,10.913s54.421-3.672,80.475-10.913    l0.534-0.148L384.112,496.293z M207.926,495.293h175.002l-7.294-42.897c-25.977,7.167-52.96,10.802-80.208,10.802    c-27.248,0-54.231-3.635-80.208-10.802L207.926,495.293z M295.427,420.355c-25.111,0-49.849-3.567-73.527-10.603    c-14.068-4.18-27.794-9.615-40.796-16.156c-69.984-35.204-115.371-99.351-121.412-171.59c-0.369-4.401,1.083-8.625,4.087-11.891    c2.993-3.254,7.245-5.121,11.666-5.121h439.963c4.421,0,8.672,1.866,11.665,5.12c3.005,3.267,4.456,7.49,4.088,11.892    c-6.041,72.24-51.429,136.386-121.411,171.59c-12.994,6.537-26.72,11.973-40.796,16.156    C345.277,416.788,320.539,420.355,295.427,420.355z M75.446,205.995c-4.142,0-8.125,1.749-10.93,4.797    c-2.813,3.059-4.172,7.011-3.827,11.131c6.011,71.89,51.194,135.733,120.864,170.781c12.949,6.514,26.62,11.928,40.632,16.09    c23.585,7.008,48.227,10.562,73.242,10.562c25.015,0,49.658-3.554,73.243-10.562c14.021-4.167,27.69-9.58,40.632-16.09    c69.669-35.047,114.853-98.891,120.864-170.781c0.345-4.12-1.015-8.073-3.828-11.132c-2.804-3.048-6.787-4.797-10.929-4.797    H75.446z\"\/>\r\n\t<\/g>\r\n\t<g>\r\n\t\t<path d=\"M204.031,129.597l42.806,1.71c0.127-3.177,0.683-31.617-18.606-51.693c-7.951-8.275-22.371-18.14-45.914-18.14    c-13.135,0-22.813-4.4-29.586-13.451c-6.423-8.582-8.702-19.426-8.702-26.104c0-11.83-9.59-21.42-21.42-21.42    s-21.42,9.59-21.42,21.42c0,17.99,6.445,37.344,17.242,51.771c10.455,13.97,30.025,30.624,63.886,30.624    c10.143,0,13.74,3.671,14.922,4.877c5.76,5.877,6.856,17.126,6.786,20.604L204.031,129.597z\"\/>\r\n\t\t<path d=\"M247.316,131.827l-43.305-1.73l0.012-0.297l-0.498-0.013c0.069-3.423-1.004-14.49-6.643-20.244    c-1.146-1.169-4.634-4.728-14.565-4.728c-34.067,0-53.763-16.762-64.286-30.824c-10.859-14.51-17.342-33.976-17.342-52.071    c0-12.087,9.833-21.92,21.92-21.92s21.92,9.833,21.92,21.92c0,6.601,2.253,17.32,8.603,25.804    c6.672,8.917,16.219,13.251,29.186,13.251c23.718,0,38.256,9.948,46.274,18.293c19.438,20.23,18.874,48.862,18.746,52.06    L247.316,131.827z M204.524,129.117l41.829,1.671c0.123-4.911-0.102-31.696-18.483-50.828    c-7.884-8.205-22.188-17.986-45.554-17.986c-13.304,0-23.112-4.465-29.986-13.652c-6.497-8.68-8.802-19.648-8.802-26.403    c0-11.535-9.385-20.92-20.92-20.92s-20.92,9.385-20.92,20.92c0,17.887,6.408,37.128,17.143,51.472    c10.387,13.879,29.832,30.423,63.485,30.423c10.352,0,14.061,3.784,15.279,5.027C203.134,114.494,204.45,124.969,204.524,129.117z    \"\/>\r\n\t<\/g>\r\n\t<g>\r\n\t\t<path d=\"M355.136,129.597l42.806,1.71c0.127-3.177,0.683-31.617-18.607-51.693c-7.951-8.275-22.371-18.14-45.914-18.14    c-13.135,0-22.812-4.4-29.586-13.451c-6.423-8.582-8.702-19.426-8.702-26.104c0-11.83-9.59-21.42-21.42-21.42    s-21.42,9.59-21.42,21.42c0,17.99,6.445,37.344,17.242,51.771c10.455,13.97,30.025,30.624,63.885,30.624    c10.143,0,13.74,3.671,14.923,4.877c5.76,5.877,6.856,17.126,6.786,20.604L355.136,129.597z\"\/>\r\n\t\t<path d=\"M398.421,131.827l-43.305-1.73l0.012-0.296l-0.499-0.014c0.069-3.422-1.003-14.488-6.644-20.244    c-1.146-1.169-4.634-4.728-14.565-4.728c-34.066,0-53.762-16.762-64.286-30.824c-10.859-14.51-17.342-33.976-17.342-52.071    c0-12.087,9.833-21.92,21.92-21.92s21.92,9.833,21.92,21.92c0,6.602,2.252,17.32,8.602,25.804    c6.673,8.917,16.219,13.251,29.186,13.251c23.719,0,38.256,9.948,46.274,18.293c19.435,20.227,18.874,48.861,18.747,52.06    L398.421,131.827z M355.629,129.117l41.829,1.671c0.122-4.911-0.106-31.7-18.484-50.828c-7.885-8.205-22.188-17.986-45.554-17.986    c-13.304,0-23.112-4.465-29.986-13.651c-6.496-8.68-8.801-19.648-8.801-26.403c0-11.535-9.385-20.92-20.92-20.92    s-20.92,9.385-20.92,20.92c0,17.887,6.408,37.128,17.143,51.472c10.387,13.879,29.833,30.423,63.485,30.423    c10.353,0,14.061,3.784,15.279,5.027C354.24,114.496,355.555,124.969,355.629,129.117z\"\/>\r\n\t<\/g>\r\n<\/g>\r\n<\/svg>\n      <\/span>\n      <span class='bde-icon-list__text' >\n      Churrasco\n      <\/span>\n              <\/div>\n      \n    <\/li>\n\n  \n              \n    <li>\n              <div class='bde-icon-list__item-wrapper'>\n      \n      <span class='bde-icon-list__icon'>\n        <svg xmlns=\"http:\/\/www.w3.org\/2000\/svg\" viewbox=\"0 0 640 512\"><!--! Font Awesome Free 6.5.1 by @fontawesome - https:\/\/fontawesome.com License - https:\/\/fontawesome.com\/license\/free (Icons: CC BY 4.0, Fonts: SIL OFL 1.1, Code: MIT License) Copyright 2023 Fonticons, Inc. --><path d=\"M64 64V352H576V64H64zM0 64C0 28.7 28.7 0 64 0H576c35.3 0 64 28.7 64 64V352c0 35.3-28.7 64-64 64H64c-35.3 0-64-28.7-64-64V64zM128 448H512c17.7 0 32 14.3 32 32s-14.3 32-32 32H128c-17.7 0-32-14.3-32-32s14.3-32 32-32z\"\/><\/svg>\n      <\/span>\n      <span class='bde-icon-list__text' >\n      Smart TV\n      <\/span>\n              <\/div>\n      \n    <\/li>\n\n  <\/ul>\n\n<\/div>\n<\/div>\n<\/div><\/div><\/div>\n<\/section><section class=\"bde-section-3035-127 bde-section\">\n  \n  \n\t\n\n\n\n<div class=\"section-container\"><div class=\"bde-gallery-3035-128 bde-gallery\">\n\n\n  \n\n\n\n\n\n\n\n\n\n\n<div class=\"ee-gallery ee-gallery--default ee-gallery--grid ee-gallery--single ee-gallery--lightbox ee-gallery-- ee-gallery--caption- ee-gallery--caption-none ee-gallery--ratio\">\n                  \n      <a class=\"ee-gallery-item ee-gallery-item--image ee-gallery-item--single\" href=\"https:\/\/portugalalma.com\/wp-content\/uploads\/2025\/11\/Villa-Algarve-219.webp\"  data-sub-html=\"<span><\/span>\" data-category=\"1\"                  data-lg-size=\"1920-1080\"\n\n      >\n        <figure class=\"ee-gallery-item-figure\">\n                        <img decoding=\"async\" class=\"breakdance-image-object\" src=\"https:\/\/portugalalma.com\/wp-content\/uploads\/2025\/11\/Villa-Algarve-219-1024x576.webp\" width=\"1024\" height=\"576\" srcset=\"https:\/\/portugalalma.com\/wp-content\/uploads\/2025\/11\/Villa-Algarve-219.webp 1920w, https:\/\/portugalalma.com\/wp-content\/uploads\/2025\/11\/Villa-Algarve-219-300x169.webp 300w, https:\/\/portugalalma.com\/wp-content\/uploads\/2025\/11\/Villa-Algarve-219-1024x576.webp 1024w, https:\/\/portugalalma.com\/wp-content\/uploads\/2025\/11\/Villa-Algarve-219-768x432.webp 768w, https:\/\/portugalalma.com\/wp-content\/uploads\/2025\/11\/Villa-Algarve-219-1536x864.webp 1536w, https:\/\/portugalalma.com\/wp-content\/uploads\/2025\/11\/Villa-Algarve-219-18x10.webp 18w\" sizes=\"auto, (max-width: 1920px) 100vw, 1920px\" loading=\"lazy\">\n          \n                  <\/figure>\n      <\/a>\n\n                \n      <a class=\"ee-gallery-item ee-gallery-item--image ee-gallery-item--single\" href=\"https:\/\/portugalalma.com\/wp-content\/uploads\/2025\/11\/Villa-Algarve-217.webp\"  data-sub-html=\"<span><\/span>\" data-category=\"1\"                  data-lg-size=\"1280-1920\"\n\n      >\n        <figure class=\"ee-gallery-item-figure\">\n                        <img decoding=\"async\" class=\"breakdance-image-object\" src=\"https:\/\/portugalalma.com\/wp-content\/uploads\/2025\/11\/Villa-Algarve-217-683x1024.webp\" width=\"683\" height=\"1024\" srcset=\"https:\/\/portugalalma.com\/wp-content\/uploads\/2025\/11\/Villa-Algarve-217.webp 1280w, https:\/\/portugalalma.com\/wp-content\/uploads\/2025\/11\/Villa-Algarve-217-200x300.webp 200w, https:\/\/portugalalma.com\/wp-content\/uploads\/2025\/11\/Villa-Algarve-217-683x1024.webp 683w, https:\/\/portugalalma.com\/wp-content\/uploads\/2025\/11\/Villa-Algarve-217-768x1152.webp 768w, https:\/\/portugalalma.com\/wp-content\/uploads\/2025\/11\/Villa-Algarve-217-1024x1536.webp 1024w, https:\/\/portugalalma.com\/wp-content\/uploads\/2025\/11\/Villa-Algarve-217-8x12.webp 8w\" sizes=\"auto, (max-width: 1280px) 100vw, 1280px\" loading=\"lazy\">\n          \n                  <\/figure>\n      <\/a>\n\n                \n      <a class=\"ee-gallery-item ee-gallery-item--image ee-gallery-item--single\" href=\"https:\/\/portugalalma.com\/wp-content\/uploads\/2025\/11\/Villa-Algarve-232.webp\"  data-sub-html=\"<span><\/span>\" data-category=\"1\"                  data-lg-size=\"1920-1080\"\n\n      >\n        <figure class=\"ee-gallery-item-figure\">\n                        <img decoding=\"async\" class=\"breakdance-image-object\" src=\"https:\/\/portugalalma.com\/wp-content\/uploads\/2025\/11\/Villa-Algarve-232-1024x576.webp\" width=\"1024\" height=\"576\" srcset=\"https:\/\/portugalalma.com\/wp-content\/uploads\/2025\/11\/Villa-Algarve-232.webp 1920w, https:\/\/portugalalma.com\/wp-content\/uploads\/2025\/11\/Villa-Algarve-232-300x169.webp 300w, https:\/\/portugalalma.com\/wp-content\/uploads\/2025\/11\/Villa-Algarve-232-1024x576.webp 1024w, https:\/\/portugalalma.com\/wp-content\/uploads\/2025\/11\/Villa-Algarve-232-768x432.webp 768w, https:\/\/portugalalma.com\/wp-content\/uploads\/2025\/11\/Villa-Algarve-232-1536x864.webp 1536w, https:\/\/portugalalma.com\/wp-content\/uploads\/2025\/11\/Villa-Algarve-232-18x10.webp 18w\" sizes=\"auto, (max-width: 1920px) 100vw, 1920px\" loading=\"lazy\">\n          \n                  <\/figure>\n      <\/a>\n\n                \n      <a class=\"ee-gallery-item ee-gallery-item--image ee-gallery-item--single\" href=\"https:\/\/portugalalma.com\/wp-content\/uploads\/2025\/11\/Villa-Algarve-236.webp\"  data-sub-html=\"<span><\/span>\" data-category=\"1\"                  data-lg-size=\"1280-1920\"\n\n      >\n        <figure class=\"ee-gallery-item-figure\">\n                        <img decoding=\"async\" class=\"breakdance-image-object\" src=\"https:\/\/portugalalma.com\/wp-content\/uploads\/2025\/11\/Villa-Algarve-236-683x1024.webp\" width=\"683\" height=\"1024\" srcset=\"https:\/\/portugalalma.com\/wp-content\/uploads\/2025\/11\/Villa-Algarve-236.webp 1280w, https:\/\/portugalalma.com\/wp-content\/uploads\/2025\/11\/Villa-Algarve-236-200x300.webp 200w, https:\/\/portugalalma.com\/wp-content\/uploads\/2025\/11\/Villa-Algarve-236-683x1024.webp 683w, https:\/\/portugalalma.com\/wp-content\/uploads\/2025\/11\/Villa-Algarve-236-768x1152.webp 768w, https:\/\/portugalalma.com\/wp-content\/uploads\/2025\/11\/Villa-Algarve-236-1024x1536.webp 1024w, https:\/\/portugalalma.com\/wp-content\/uploads\/2025\/11\/Villa-Algarve-236-8x12.webp 8w\" sizes=\"auto, (max-width: 1280px) 100vw, 1280px\" loading=\"lazy\">\n          \n                  <\/figure>\n      <\/a>\n\n                \n      <a class=\"ee-gallery-item ee-gallery-item--image ee-gallery-item--single\" href=\"https:\/\/portugalalma.com\/wp-content\/uploads\/2025\/11\/Villa-Algarve-237.webp\"  data-sub-html=\"<span><\/span>\" data-category=\"1\"                  data-lg-size=\"1280-1920\"\n\n      >\n        <figure class=\"ee-gallery-item-figure\">\n                        <img decoding=\"async\" class=\"breakdance-image-object\" src=\"https:\/\/portugalalma.com\/wp-content\/uploads\/2025\/11\/Villa-Algarve-237-683x1024.webp\" width=\"683\" height=\"1024\" srcset=\"https:\/\/portugalalma.com\/wp-content\/uploads\/2025\/11\/Villa-Algarve-237.webp 1280w, https:\/\/portugalalma.com\/wp-content\/uploads\/2025\/11\/Villa-Algarve-237-200x300.webp 200w, https:\/\/portugalalma.com\/wp-content\/uploads\/2025\/11\/Villa-Algarve-237-683x1024.webp 683w, https:\/\/portugalalma.com\/wp-content\/uploads\/2025\/11\/Villa-Algarve-237-768x1152.webp 768w, https:\/\/portugalalma.com\/wp-content\/uploads\/2025\/11\/Villa-Algarve-237-1024x1536.webp 1024w, https:\/\/portugalalma.com\/wp-content\/uploads\/2025\/11\/Villa-Algarve-237-8x12.webp 8w\" sizes=\"auto, (max-width: 1280px) 100vw, 1280px\" loading=\"lazy\">\n          \n                  <\/figure>\n      <\/a>\n\n                \n      <a class=\"ee-gallery-item ee-gallery-item--image ee-gallery-item--single\" href=\"https:\/\/portugalalma.com\/wp-content\/uploads\/2025\/11\/Villa-Algarve-250.webp\"  data-sub-html=\"<span><\/span>\" data-category=\"1\"                  data-lg-size=\"1920-1280\"\n\n      >\n        <figure class=\"ee-gallery-item-figure\">\n                        <img decoding=\"async\" class=\"breakdance-image-object\" src=\"https:\/\/portugalalma.com\/wp-content\/uploads\/2025\/11\/Villa-Algarve-250-1024x683.webp\" width=\"1024\" height=\"683\" srcset=\"https:\/\/portugalalma.com\/wp-content\/uploads\/2025\/11\/Villa-Algarve-250.webp 1920w, https:\/\/portugalalma.com\/wp-content\/uploads\/2025\/11\/Villa-Algarve-250-300x200.webp 300w, https:\/\/portugalalma.com\/wp-content\/uploads\/2025\/11\/Villa-Algarve-250-1024x683.webp 1024w, https:\/\/portugalalma.com\/wp-content\/uploads\/2025\/11\/Villa-Algarve-250-768x512.webp 768w, https:\/\/portugalalma.com\/wp-content\/uploads\/2025\/11\/Villa-Algarve-250-1536x1024.webp 1536w, https:\/\/portugalalma.com\/wp-content\/uploads\/2025\/11\/Villa-Algarve-250-18x12.webp 18w\" sizes=\"auto, (max-width: 1920px) 100vw, 1920px\" loading=\"lazy\">\n          \n                  <\/figure>\n      <\/a>\n\n                \n      <a class=\"ee-gallery-item ee-gallery-item--image ee-gallery-item--single\" href=\"https:\/\/portugalalma.com\/wp-content\/uploads\/2025\/11\/Villa-Algarve-258.webp\"  data-sub-html=\"<span><\/span>\" data-category=\"1\"                  data-lg-size=\"1920-1094\"\n\n      >\n        <figure class=\"ee-gallery-item-figure\">\n                        <img decoding=\"async\" class=\"breakdance-image-object\" src=\"https:\/\/portugalalma.com\/wp-content\/uploads\/2025\/11\/Villa-Algarve-258-1024x583.webp\" width=\"1024\" height=\"583\" srcset=\"https:\/\/portugalalma.com\/wp-content\/uploads\/2025\/11\/Villa-Algarve-258.webp 1920w, https:\/\/portugalalma.com\/wp-content\/uploads\/2025\/11\/Villa-Algarve-258-300x171.webp 300w, https:\/\/portugalalma.com\/wp-content\/uploads\/2025\/11\/Villa-Algarve-258-1024x583.webp 1024w, https:\/\/portugalalma.com\/wp-content\/uploads\/2025\/11\/Villa-Algarve-258-768x438.webp 768w, https:\/\/portugalalma.com\/wp-content\/uploads\/2025\/11\/Villa-Algarve-258-1536x875.webp 1536w, https:\/\/portugalalma.com\/wp-content\/uploads\/2025\/11\/Villa-Algarve-258-18x10.webp 18w\" sizes=\"auto, (max-width: 1920px) 100vw, 1920px\" loading=\"lazy\">\n          \n                  <\/figure>\n      <\/a>\n\n                \n      <a class=\"ee-gallery-item ee-gallery-item--image ee-gallery-item--single\" href=\"https:\/\/portugalalma.com\/wp-content\/uploads\/2025\/11\/Villa-Algarve-162.webp\"  data-sub-html=\"<span><\/span>\" data-category=\"1\"                  data-lg-size=\"1280-1920\"\n\n      >\n        <figure class=\"ee-gallery-item-figure\">\n                        <img decoding=\"async\" class=\"breakdance-image-object\" src=\"https:\/\/portugalalma.com\/wp-content\/uploads\/2025\/11\/Villa-Algarve-162-683x1024.webp\" width=\"683\" height=\"1024\" srcset=\"https:\/\/portugalalma.com\/wp-content\/uploads\/2025\/11\/Villa-Algarve-162.webp 1280w, https:\/\/portugalalma.com\/wp-content\/uploads\/2025\/11\/Villa-Algarve-162-200x300.webp 200w, https:\/\/portugalalma.com\/wp-content\/uploads\/2025\/11\/Villa-Algarve-162-683x1024.webp 683w, https:\/\/portugalalma.com\/wp-content\/uploads\/2025\/11\/Villa-Algarve-162-768x1152.webp 768w, https:\/\/portugalalma.com\/wp-content\/uploads\/2025\/11\/Villa-Algarve-162-1024x1536.webp 1024w, https:\/\/portugalalma.com\/wp-content\/uploads\/2025\/11\/Villa-Algarve-162-8x12.webp 8w\" sizes=\"auto, (max-width: 1280px) 100vw, 1280px\" loading=\"lazy\">\n          \n                  <\/figure>\n      <\/a>\n\n                \n      <a class=\"ee-gallery-item ee-gallery-item--image ee-gallery-item--single\" href=\"https:\/\/portugalalma.com\/wp-content\/uploads\/2025\/11\/Villa-Algarve-159.webp\"  data-sub-html=\"<span><\/span>\" data-category=\"1\"                  data-lg-size=\"1280-1920\"\n\n      >\n        <figure class=\"ee-gallery-item-figure\">\n                        <img decoding=\"async\" class=\"breakdance-image-object\" src=\"https:\/\/portugalalma.com\/wp-content\/uploads\/2025\/11\/Villa-Algarve-159-683x1024.webp\" width=\"683\" height=\"1024\" srcset=\"https:\/\/portugalalma.com\/wp-content\/uploads\/2025\/11\/Villa-Algarve-159.webp 1280w, https:\/\/portugalalma.com\/wp-content\/uploads\/2025\/11\/Villa-Algarve-159-200x300.webp 200w, https:\/\/portugalalma.com\/wp-content\/uploads\/2025\/11\/Villa-Algarve-159-683x1024.webp 683w, https:\/\/portugalalma.com\/wp-content\/uploads\/2025\/11\/Villa-Algarve-159-768x1152.webp 768w, https:\/\/portugalalma.com\/wp-content\/uploads\/2025\/11\/Villa-Algarve-159-1024x1536.webp 1024w, https:\/\/portugalalma.com\/wp-content\/uploads\/2025\/11\/Villa-Algarve-159-8x12.webp 8w\" sizes=\"auto, (max-width: 1280px) 100vw, 1280px\" loading=\"lazy\">\n          \n                  <\/figure>\n      <\/a>\n\n                \n      <a class=\"ee-gallery-item ee-gallery-item--image ee-gallery-item--single\" href=\"https:\/\/portugalalma.com\/wp-content\/uploads\/2025\/11\/Villa-Algarve-129.webp\"  data-sub-html=\"<span><\/span>\" data-category=\"1\"                  data-lg-size=\"1280-1920\"\n\n      >\n        <figure class=\"ee-gallery-item-figure\">\n                        <img decoding=\"async\" class=\"breakdance-image-object\" src=\"https:\/\/portugalalma.com\/wp-content\/uploads\/2025\/11\/Villa-Algarve-129-683x1024.webp\" width=\"683\" height=\"1024\" srcset=\"https:\/\/portugalalma.com\/wp-content\/uploads\/2025\/11\/Villa-Algarve-129.webp 1280w, https:\/\/portugalalma.com\/wp-content\/uploads\/2025\/11\/Villa-Algarve-129-200x300.webp 200w, https:\/\/portugalalma.com\/wp-content\/uploads\/2025\/11\/Villa-Algarve-129-683x1024.webp 683w, https:\/\/portugalalma.com\/wp-content\/uploads\/2025\/11\/Villa-Algarve-129-768x1152.webp 768w, https:\/\/portugalalma.com\/wp-content\/uploads\/2025\/11\/Villa-Algarve-129-1024x1536.webp 1024w, https:\/\/portugalalma.com\/wp-content\/uploads\/2025\/11\/Villa-Algarve-129-8x12.webp 8w\" sizes=\"auto, (max-width: 1280px) 100vw, 1280px\" loading=\"lazy\">\n          \n                  <\/figure>\n      <\/a>\n\n                \n      <a class=\"ee-gallery-item ee-gallery-item--image ee-gallery-item--single\" href=\"https:\/\/portugalalma.com\/wp-content\/uploads\/2025\/11\/Villa-Algarve-76.webp\"  data-sub-html=\"<span><\/span>\" data-category=\"1\"                  data-lg-size=\"1920-1280\"\n\n      >\n        <figure class=\"ee-gallery-item-figure\">\n                        <img decoding=\"async\" class=\"breakdance-image-object\" src=\"https:\/\/portugalalma.com\/wp-content\/uploads\/2025\/11\/Villa-Algarve-76-1024x683.webp\" width=\"1024\" height=\"683\" srcset=\"https:\/\/portugalalma.com\/wp-content\/uploads\/2025\/11\/Villa-Algarve-76.webp 1920w, https:\/\/portugalalma.com\/wp-content\/uploads\/2025\/11\/Villa-Algarve-76-300x200.webp 300w, https:\/\/portugalalma.com\/wp-content\/uploads\/2025\/11\/Villa-Algarve-76-1024x683.webp 1024w, https:\/\/portugalalma.com\/wp-content\/uploads\/2025\/11\/Villa-Algarve-76-768x512.webp 768w, https:\/\/portugalalma.com\/wp-content\/uploads\/2025\/11\/Villa-Algarve-76-1536x1024.webp 1536w, https:\/\/portugalalma.com\/wp-content\/uploads\/2025\/11\/Villa-Algarve-76-18x12.webp 18w\" sizes=\"auto, (max-width: 1920px) 100vw, 1920px\" loading=\"lazy\">\n          \n                  <\/figure>\n      <\/a>\n\n                \n      <a class=\"ee-gallery-item ee-gallery-item--image ee-gallery-item--single\" href=\"https:\/\/portugalalma.com\/wp-content\/uploads\/2025\/11\/Villa-Algarve-94.webp\"  data-sub-html=\"<span><\/span>\" data-category=\"1\"                  data-lg-size=\"1920-1280\"\n\n      >\n        <figure class=\"ee-gallery-item-figure\">\n                        <img decoding=\"async\" class=\"breakdance-image-object\" src=\"https:\/\/portugalalma.com\/wp-content\/uploads\/2025\/11\/Villa-Algarve-94-1024x683.webp\" width=\"1024\" height=\"683\" srcset=\"https:\/\/portugalalma.com\/wp-content\/uploads\/2025\/11\/Villa-Algarve-94.webp 1920w, https:\/\/portugalalma.com\/wp-content\/uploads\/2025\/11\/Villa-Algarve-94-300x200.webp 300w, https:\/\/portugalalma.com\/wp-content\/uploads\/2025\/11\/Villa-Algarve-94-1024x683.webp 1024w, https:\/\/portugalalma.com\/wp-content\/uploads\/2025\/11\/Villa-Algarve-94-768x512.webp 768w, https:\/\/portugalalma.com\/wp-content\/uploads\/2025\/11\/Villa-Algarve-94-1536x1024.webp 1536w, https:\/\/portugalalma.com\/wp-content\/uploads\/2025\/11\/Villa-Algarve-94-18x12.webp 18w\" sizes=\"auto, (max-width: 1920px) 100vw, 1920px\" loading=\"lazy\">\n          \n                  <\/figure>\n      <\/a>\n\n                \n      <a class=\"ee-gallery-item ee-gallery-item--image ee-gallery-item--single\" href=\"https:\/\/portugalalma.com\/wp-content\/uploads\/2025\/11\/Villa-Algarve-82.webp\"  data-sub-html=\"<span><\/span>\" data-category=\"1\"                  data-lg-size=\"1920-1280\"\n\n      >\n        <figure class=\"ee-gallery-item-figure\">\n                        <img decoding=\"async\" class=\"breakdance-image-object\" src=\"https:\/\/portugalalma.com\/wp-content\/uploads\/2025\/11\/Villa-Algarve-82-1024x683.webp\" width=\"1024\" height=\"683\" srcset=\"https:\/\/portugalalma.com\/wp-content\/uploads\/2025\/11\/Villa-Algarve-82.webp 1920w, https:\/\/portugalalma.com\/wp-content\/uploads\/2025\/11\/Villa-Algarve-82-300x200.webp 300w, https:\/\/portugalalma.com\/wp-content\/uploads\/2025\/11\/Villa-Algarve-82-1024x683.webp 1024w, https:\/\/portugalalma.com\/wp-content\/uploads\/2025\/11\/Villa-Algarve-82-768x512.webp 768w, https:\/\/portugalalma.com\/wp-content\/uploads\/2025\/11\/Villa-Algarve-82-1536x1024.webp 1536w, https:\/\/portugalalma.com\/wp-content\/uploads\/2025\/11\/Villa-Algarve-82-18x12.webp 18w\" sizes=\"auto, (max-width: 1920px) 100vw, 1920px\" loading=\"lazy\">\n          \n                  <\/figure>\n      <\/a>\n\n                \n      <a class=\"ee-gallery-item ee-gallery-item--image ee-gallery-item--single\" href=\"https:\/\/portugalalma.com\/wp-content\/uploads\/2025\/11\/Villa-Algarve-77.webp\"  data-sub-html=\"<span><\/span>\" data-category=\"1\"                  data-lg-size=\"1920-1280\"\n\n      >\n        <figure class=\"ee-gallery-item-figure\">\n                        <img decoding=\"async\" class=\"breakdance-image-object\" src=\"https:\/\/portugalalma.com\/wp-content\/uploads\/2025\/11\/Villa-Algarve-77-1024x683.webp\" width=\"1024\" height=\"683\" srcset=\"https:\/\/portugalalma.com\/wp-content\/uploads\/2025\/11\/Villa-Algarve-77.webp 1920w, https:\/\/portugalalma.com\/wp-content\/uploads\/2025\/11\/Villa-Algarve-77-300x200.webp 300w, https:\/\/portugalalma.com\/wp-content\/uploads\/2025\/11\/Villa-Algarve-77-1024x683.webp 1024w, https:\/\/portugalalma.com\/wp-content\/uploads\/2025\/11\/Villa-Algarve-77-768x512.webp 768w, https:\/\/portugalalma.com\/wp-content\/uploads\/2025\/11\/Villa-Algarve-77-1536x1024.webp 1536w, https:\/\/portugalalma.com\/wp-content\/uploads\/2025\/11\/Villa-Algarve-77-18x12.webp 18w\" sizes=\"auto, (max-width: 1920px) 100vw, 1920px\" loading=\"lazy\">\n          \n                  <\/figure>\n      <\/a>\n\n                \n      <a class=\"ee-gallery-item ee-gallery-item--image ee-gallery-item--single\" href=\"https:\/\/portugalalma.com\/wp-content\/uploads\/2025\/11\/Villa-Algarve-71.webp\"  data-sub-html=\"<span><\/span>\" data-category=\"1\"                  data-lg-size=\"1280-1920\"\n\n      >\n        <figure class=\"ee-gallery-item-figure\">\n                        <img decoding=\"async\" class=\"breakdance-image-object\" src=\"https:\/\/portugalalma.com\/wp-content\/uploads\/2025\/11\/Villa-Algarve-71-683x1024.webp\" width=\"683\" height=\"1024\" srcset=\"https:\/\/portugalalma.com\/wp-content\/uploads\/2025\/11\/Villa-Algarve-71.webp 1280w, https:\/\/portugalalma.com\/wp-content\/uploads\/2025\/11\/Villa-Algarve-71-200x300.webp 200w, https:\/\/portugalalma.com\/wp-content\/uploads\/2025\/11\/Villa-Algarve-71-683x1024.webp 683w, https:\/\/portugalalma.com\/wp-content\/uploads\/2025\/11\/Villa-Algarve-71-768x1152.webp 768w, https:\/\/portugalalma.com\/wp-content\/uploads\/2025\/11\/Villa-Algarve-71-1024x1536.webp 1024w, https:\/\/portugalalma.com\/wp-content\/uploads\/2025\/11\/Villa-Algarve-71-8x12.webp 8w\" sizes=\"auto, (max-width: 1280px) 100vw, 1280px\" loading=\"lazy\">\n          \n                  <\/figure>\n      <\/a>\n\n                \n      <a class=\"ee-gallery-item ee-gallery-item--image ee-gallery-item--single\" href=\"https:\/\/portugalalma.com\/wp-content\/uploads\/2025\/11\/Villa-Algarve-66.webp\"  data-sub-html=\"<span><\/span>\" data-category=\"1\"                  data-lg-size=\"1280-1920\"\n\n      >\n        <figure class=\"ee-gallery-item-figure\">\n                        <img decoding=\"async\" class=\"breakdance-image-object\" src=\"https:\/\/portugalalma.com\/wp-content\/uploads\/2025\/11\/Villa-Algarve-66-683x1024.webp\" width=\"683\" height=\"1024\" srcset=\"https:\/\/portugalalma.com\/wp-content\/uploads\/2025\/11\/Villa-Algarve-66.webp 1280w, https:\/\/portugalalma.com\/wp-content\/uploads\/2025\/11\/Villa-Algarve-66-200x300.webp 200w, https:\/\/portugalalma.com\/wp-content\/uploads\/2025\/11\/Villa-Algarve-66-683x1024.webp 683w, https:\/\/portugalalma.com\/wp-content\/uploads\/2025\/11\/Villa-Algarve-66-768x1152.webp 768w, https:\/\/portugalalma.com\/wp-content\/uploads\/2025\/11\/Villa-Algarve-66-1024x1536.webp 1024w, https:\/\/portugalalma.com\/wp-content\/uploads\/2025\/11\/Villa-Algarve-66-8x12.webp 8w\" sizes=\"auto, (max-width: 1280px) 100vw, 1280px\" loading=\"lazy\">\n          \n                  <\/figure>\n      <\/a>\n\n                \n      <a class=\"ee-gallery-item ee-gallery-item--image ee-gallery-item--single\" href=\"https:\/\/portugalalma.com\/wp-content\/uploads\/2025\/11\/Villa-Algarve-98.webp\"  data-sub-html=\"<span><\/span>\" data-category=\"1\"                  data-lg-size=\"1920-1280\"\n\n      >\n        <figure class=\"ee-gallery-item-figure\">\n                        <img decoding=\"async\" class=\"breakdance-image-object\" src=\"https:\/\/portugalalma.com\/wp-content\/uploads\/2025\/11\/Villa-Algarve-98-1024x683.webp\" width=\"1024\" height=\"683\" srcset=\"https:\/\/portugalalma.com\/wp-content\/uploads\/2025\/11\/Villa-Algarve-98.webp 1920w, https:\/\/portugalalma.com\/wp-content\/uploads\/2025\/11\/Villa-Algarve-98-300x200.webp 300w, https:\/\/portugalalma.com\/wp-content\/uploads\/2025\/11\/Villa-Algarve-98-1024x683.webp 1024w, https:\/\/portugalalma.com\/wp-content\/uploads\/2025\/11\/Villa-Algarve-98-768x512.webp 768w, https:\/\/portugalalma.com\/wp-content\/uploads\/2025\/11\/Villa-Algarve-98-1536x1024.webp 1536w, https:\/\/portugalalma.com\/wp-content\/uploads\/2025\/11\/Villa-Algarve-98-18x12.webp 18w\" sizes=\"auto, (max-width: 1920px) 100vw, 1920px\" loading=\"lazy\">\n          \n                  <\/figure>\n      <\/a>\n\n                \n      <a class=\"ee-gallery-item ee-gallery-item--image ee-gallery-item--single\" href=\"https:\/\/portugalalma.com\/wp-content\/uploads\/2025\/11\/Villa-Algarve-88.webp\"  data-sub-html=\"<span><\/span>\" data-category=\"1\"                  data-lg-size=\"1920-1280\"\n\n      >\n        <figure class=\"ee-gallery-item-figure\">\n                        <img decoding=\"async\" class=\"breakdance-image-object\" src=\"https:\/\/portugalalma.com\/wp-content\/uploads\/2025\/11\/Villa-Algarve-88-1024x683.webp\" width=\"1024\" height=\"683\" srcset=\"https:\/\/portugalalma.com\/wp-content\/uploads\/2025\/11\/Villa-Algarve-88.webp 1920w, https:\/\/portugalalma.com\/wp-content\/uploads\/2025\/11\/Villa-Algarve-88-300x200.webp 300w, https:\/\/portugalalma.com\/wp-content\/uploads\/2025\/11\/Villa-Algarve-88-1024x683.webp 1024w, https:\/\/portugalalma.com\/wp-content\/uploads\/2025\/11\/Villa-Algarve-88-768x512.webp 768w, https:\/\/portugalalma.com\/wp-content\/uploads\/2025\/11\/Villa-Algarve-88-1536x1024.webp 1536w, https:\/\/portugalalma.com\/wp-content\/uploads\/2025\/11\/Villa-Algarve-88-18x12.webp 18w\" sizes=\"auto, (max-width: 1920px) 100vw, 1920px\" loading=\"lazy\">\n          \n                  <\/figure>\n      <\/a>\n\n                \n      <a class=\"ee-gallery-item ee-gallery-item--image ee-gallery-item--single\" href=\"https:\/\/portugalalma.com\/wp-content\/uploads\/2025\/11\/Villa-Algarve-72.webp\"  data-sub-html=\"<span><\/span>\" data-category=\"1\"                  data-lg-size=\"1280-1920\"\n\n      >\n        <figure class=\"ee-gallery-item-figure\">\n                        <img decoding=\"async\" class=\"breakdance-image-object\" src=\"https:\/\/portugalalma.com\/wp-content\/uploads\/2025\/11\/Villa-Algarve-72-683x1024.webp\" width=\"683\" height=\"1024\" srcset=\"https:\/\/portugalalma.com\/wp-content\/uploads\/2025\/11\/Villa-Algarve-72.webp 1280w, https:\/\/portugalalma.com\/wp-content\/uploads\/2025\/11\/Villa-Algarve-72-200x300.webp 200w, https:\/\/portugalalma.com\/wp-content\/uploads\/2025\/11\/Villa-Algarve-72-683x1024.webp 683w, https:\/\/portugalalma.com\/wp-content\/uploads\/2025\/11\/Villa-Algarve-72-768x1152.webp 768w, https:\/\/portugalalma.com\/wp-content\/uploads\/2025\/11\/Villa-Algarve-72-1024x1536.webp 1024w, https:\/\/portugalalma.com\/wp-content\/uploads\/2025\/11\/Villa-Algarve-72-8x12.webp 8w\" sizes=\"auto, (max-width: 1280px) 100vw, 1280px\" loading=\"lazy\">\n          \n                  <\/figure>\n      <\/a>\n\n                \n      <a class=\"ee-gallery-item ee-gallery-item--image ee-gallery-item--single\" href=\"https:\/\/portugalalma.com\/wp-content\/uploads\/2025\/11\/Villa-Algarve-87.webp\"  data-sub-html=\"<span><\/span>\" data-category=\"1\"                  data-lg-size=\"1280-1920\"\n\n      >\n        <figure class=\"ee-gallery-item-figure\">\n                        <img decoding=\"async\" class=\"breakdance-image-object\" src=\"https:\/\/portugalalma.com\/wp-content\/uploads\/2025\/11\/Villa-Algarve-87-683x1024.webp\" width=\"683\" height=\"1024\" srcset=\"https:\/\/portugalalma.com\/wp-content\/uploads\/2025\/11\/Villa-Algarve-87.webp 1280w, https:\/\/portugalalma.com\/wp-content\/uploads\/2025\/11\/Villa-Algarve-87-200x300.webp 200w, https:\/\/portugalalma.com\/wp-content\/uploads\/2025\/11\/Villa-Algarve-87-683x1024.webp 683w, https:\/\/portugalalma.com\/wp-content\/uploads\/2025\/11\/Villa-Algarve-87-768x1152.webp 768w, https:\/\/portugalalma.com\/wp-content\/uploads\/2025\/11\/Villa-Algarve-87-1024x1536.webp 1024w, https:\/\/portugalalma.com\/wp-content\/uploads\/2025\/11\/Villa-Algarve-87-8x12.webp 8w\" sizes=\"auto, (max-width: 1280px) 100vw, 1280px\" loading=\"lazy\">\n          \n                  <\/figure>\n      <\/a>\n\n                \n      <a class=\"ee-gallery-item ee-gallery-item--image ee-gallery-item--single\" href=\"https:\/\/portugalalma.com\/wp-content\/uploads\/2025\/11\/Villa-Algarve-95.webp\"  data-sub-html=\"<span><\/span>\" data-category=\"1\"                  data-lg-size=\"1920-1280\"\n\n      >\n        <figure class=\"ee-gallery-item-figure\">\n                        <img decoding=\"async\" class=\"breakdance-image-object\" src=\"https:\/\/portugalalma.com\/wp-content\/uploads\/2025\/11\/Villa-Algarve-95-1024x683.webp\" width=\"1024\" height=\"683\" srcset=\"https:\/\/portugalalma.com\/wp-content\/uploads\/2025\/11\/Villa-Algarve-95.webp 1920w, https:\/\/portugalalma.com\/wp-content\/uploads\/2025\/11\/Villa-Algarve-95-300x200.webp 300w, https:\/\/portugalalma.com\/wp-content\/uploads\/2025\/11\/Villa-Algarve-95-1024x683.webp 1024w, https:\/\/portugalalma.com\/wp-content\/uploads\/2025\/11\/Villa-Algarve-95-768x512.webp 768w, https:\/\/portugalalma.com\/wp-content\/uploads\/2025\/11\/Villa-Algarve-95-1536x1024.webp 1536w, https:\/\/portugalalma.com\/wp-content\/uploads\/2025\/11\/Villa-Algarve-95-18x12.webp 18w\" sizes=\"auto, (max-width: 1920px) 100vw, 1920px\" loading=\"lazy\">\n          \n                  <\/figure>\n      <\/a>\n\n                \n      <a class=\"ee-gallery-item ee-gallery-item--image ee-gallery-item--single\" href=\"https:\/\/portugalalma.com\/wp-content\/uploads\/2025\/11\/Villa-Algarve-108.webp\"  data-sub-html=\"<span><\/span>\" data-category=\"1\"                  data-lg-size=\"1280-1920\"\n\n      >\n        <figure class=\"ee-gallery-item-figure\">\n                        <img decoding=\"async\" class=\"breakdance-image-object\" src=\"https:\/\/portugalalma.com\/wp-content\/uploads\/2025\/11\/Villa-Algarve-108-683x1024.webp\" width=\"683\" height=\"1024\" srcset=\"https:\/\/portugalalma.com\/wp-content\/uploads\/2025\/11\/Villa-Algarve-108.webp 1280w, https:\/\/portugalalma.com\/wp-content\/uploads\/2025\/11\/Villa-Algarve-108-200x300.webp 200w, https:\/\/portugalalma.com\/wp-content\/uploads\/2025\/11\/Villa-Algarve-108-683x1024.webp 683w, https:\/\/portugalalma.com\/wp-content\/uploads\/2025\/11\/Villa-Algarve-108-768x1152.webp 768w, https:\/\/portugalalma.com\/wp-content\/uploads\/2025\/11\/Villa-Algarve-108-1024x1536.webp 1024w, https:\/\/portugalalma.com\/wp-content\/uploads\/2025\/11\/Villa-Algarve-108-8x12.webp 8w\" sizes=\"auto, (max-width: 1280px) 100vw, 1280px\" loading=\"lazy\">\n          \n                  <\/figure>\n      <\/a>\n\n                \n      <a class=\"ee-gallery-item ee-gallery-item--image ee-gallery-item--single\" href=\"https:\/\/portugalalma.com\/wp-content\/uploads\/2025\/11\/Villa-Algarve-120.webp\"  data-sub-html=\"<span><\/span>\" data-category=\"1\"                  data-lg-size=\"1280-1920\"\n\n      >\n        <figure class=\"ee-gallery-item-figure\">\n                        <img decoding=\"async\" class=\"breakdance-image-object\" src=\"https:\/\/portugalalma.com\/wp-content\/uploads\/2025\/11\/Villa-Algarve-120-683x1024.webp\" width=\"683\" height=\"1024\" srcset=\"https:\/\/portugalalma.com\/wp-content\/uploads\/2025\/11\/Villa-Algarve-120.webp 1280w, https:\/\/portugalalma.com\/wp-content\/uploads\/2025\/11\/Villa-Algarve-120-200x300.webp 200w, https:\/\/portugalalma.com\/wp-content\/uploads\/2025\/11\/Villa-Algarve-120-683x1024.webp 683w, https:\/\/portugalalma.com\/wp-content\/uploads\/2025\/11\/Villa-Algarve-120-768x1152.webp 768w, https:\/\/portugalalma.com\/wp-content\/uploads\/2025\/11\/Villa-Algarve-120-1024x1536.webp 1024w, https:\/\/portugalalma.com\/wp-content\/uploads\/2025\/11\/Villa-Algarve-120-8x12.webp 8w\" sizes=\"auto, (max-width: 1280px) 100vw, 1280px\" loading=\"lazy\">\n          \n                  <\/figure>\n      <\/a>\n\n                \n      <a class=\"ee-gallery-item ee-gallery-item--image ee-gallery-item--single\" href=\"https:\/\/portugalalma.com\/wp-content\/uploads\/2025\/11\/Villa-Algarve-46.webp\"  data-sub-html=\"<span><\/span>\" data-category=\"1\"                  data-lg-size=\"1920-1280\"\n\n      >\n        <figure class=\"ee-gallery-item-figure\">\n                        <img decoding=\"async\" class=\"breakdance-image-object\" src=\"https:\/\/portugalalma.com\/wp-content\/uploads\/2025\/11\/Villa-Algarve-46-1024x683.webp\" width=\"1024\" height=\"683\" srcset=\"https:\/\/portugalalma.com\/wp-content\/uploads\/2025\/11\/Villa-Algarve-46.webp 1920w, https:\/\/portugalalma.com\/wp-content\/uploads\/2025\/11\/Villa-Algarve-46-300x200.webp 300w, https:\/\/portugalalma.com\/wp-content\/uploads\/2025\/11\/Villa-Algarve-46-1024x683.webp 1024w, https:\/\/portugalalma.com\/wp-content\/uploads\/2025\/11\/Villa-Algarve-46-768x512.webp 768w, https:\/\/portugalalma.com\/wp-content\/uploads\/2025\/11\/Villa-Algarve-46-1536x1024.webp 1536w, https:\/\/portugalalma.com\/wp-content\/uploads\/2025\/11\/Villa-Algarve-46-18x12.webp 18w\" sizes=\"auto, (max-width: 1920px) 100vw, 1920px\" loading=\"lazy\">\n          \n                  <\/figure>\n      <\/a>\n\n                \n      <a class=\"ee-gallery-item ee-gallery-item--image ee-gallery-item--single\" href=\"https:\/\/portugalalma.com\/wp-content\/uploads\/2025\/11\/Villa-Algarve-45.webp\"  data-sub-html=\"<span><\/span>\" data-category=\"1\"                  data-lg-size=\"1280-1920\"\n\n      >\n        <figure class=\"ee-gallery-item-figure\">\n                        <img decoding=\"async\" class=\"breakdance-image-object\" src=\"https:\/\/portugalalma.com\/wp-content\/uploads\/2025\/11\/Villa-Algarve-45-683x1024.webp\" width=\"683\" height=\"1024\" srcset=\"https:\/\/portugalalma.com\/wp-content\/uploads\/2025\/11\/Villa-Algarve-45.webp 1280w, https:\/\/portugalalma.com\/wp-content\/uploads\/2025\/11\/Villa-Algarve-45-200x300.webp 200w, https:\/\/portugalalma.com\/wp-content\/uploads\/2025\/11\/Villa-Algarve-45-683x1024.webp 683w, https:\/\/portugalalma.com\/wp-content\/uploads\/2025\/11\/Villa-Algarve-45-768x1152.webp 768w, https:\/\/portugalalma.com\/wp-content\/uploads\/2025\/11\/Villa-Algarve-45-1024x1536.webp 1024w, https:\/\/portugalalma.com\/wp-content\/uploads\/2025\/11\/Villa-Algarve-45-8x12.webp 8w\" sizes=\"auto, (max-width: 1280px) 100vw, 1280px\" loading=\"lazy\">\n          \n                  <\/figure>\n      <\/a>\n\n                \n      <a class=\"ee-gallery-item ee-gallery-item--image ee-gallery-item--single\" href=\"https:\/\/portugalalma.com\/wp-content\/uploads\/2025\/11\/Villa-Algarve-43.webp\"  data-sub-html=\"<span><\/span>\" data-category=\"1\"                  data-lg-size=\"1280-1920\"\n\n      >\n        <figure class=\"ee-gallery-item-figure\">\n                        <img decoding=\"async\" class=\"breakdance-image-object\" src=\"https:\/\/portugalalma.com\/wp-content\/uploads\/2025\/11\/Villa-Algarve-43-683x1024.webp\" width=\"683\" height=\"1024\" srcset=\"https:\/\/portugalalma.com\/wp-content\/uploads\/2025\/11\/Villa-Algarve-43.webp 1280w, https:\/\/portugalalma.com\/wp-content\/uploads\/2025\/11\/Villa-Algarve-43-200x300.webp 200w, https:\/\/portugalalma.com\/wp-content\/uploads\/2025\/11\/Villa-Algarve-43-683x1024.webp 683w, https:\/\/portugalalma.com\/wp-content\/uploads\/2025\/11\/Villa-Algarve-43-768x1152.webp 768w, https:\/\/portugalalma.com\/wp-content\/uploads\/2025\/11\/Villa-Algarve-43-1024x1536.webp 1024w, https:\/\/portugalalma.com\/wp-content\/uploads\/2025\/11\/Villa-Algarve-43-8x12.webp 8w\" sizes=\"auto, (max-width: 1280px) 100vw, 1280px\" loading=\"lazy\">\n          \n                  <\/figure>\n      <\/a>\n\n                \n      <a class=\"ee-gallery-item ee-gallery-item--image ee-gallery-item--single\" href=\"https:\/\/portugalalma.com\/wp-content\/uploads\/2025\/11\/Villa-Algarve-24.webp\"  data-sub-html=\"<span><\/span>\" data-category=\"1\"                  data-lg-size=\"1280-1920\"\n\n      >\n        <figure class=\"ee-gallery-item-figure\">\n                        <img decoding=\"async\" class=\"breakdance-image-object\" src=\"https:\/\/portugalalma.com\/wp-content\/uploads\/2025\/11\/Villa-Algarve-24-683x1024.webp\" width=\"683\" height=\"1024\" srcset=\"https:\/\/portugalalma.com\/wp-content\/uploads\/2025\/11\/Villa-Algarve-24.webp 1280w, https:\/\/portugalalma.com\/wp-content\/uploads\/2025\/11\/Villa-Algarve-24-200x300.webp 200w, https:\/\/portugalalma.com\/wp-content\/uploads\/2025\/11\/Villa-Algarve-24-683x1024.webp 683w, https:\/\/portugalalma.com\/wp-content\/uploads\/2025\/11\/Villa-Algarve-24-768x1152.webp 768w, https:\/\/portugalalma.com\/wp-content\/uploads\/2025\/11\/Villa-Algarve-24-1024x1536.webp 1024w, https:\/\/portugalalma.com\/wp-content\/uploads\/2025\/11\/Villa-Algarve-24-8x12.webp 8w\" sizes=\"auto, (max-width: 1280px) 100vw, 1280px\" loading=\"lazy\">\n          \n                  <\/figure>\n      <\/a>\n\n                \n      <a class=\"ee-gallery-item ee-gallery-item--image ee-gallery-item--single\" href=\"https:\/\/portugalalma.com\/wp-content\/uploads\/2025\/11\/Villa-Algarve-16.webp\"  data-sub-html=\"<span><\/span>\" data-category=\"1\"                  data-lg-size=\"1280-1920\"\n\n      >\n        <figure class=\"ee-gallery-item-figure\">\n                        <img decoding=\"async\" class=\"breakdance-image-object\" src=\"https:\/\/portugalalma.com\/wp-content\/uploads\/2025\/11\/Villa-Algarve-16-683x1024.webp\" width=\"683\" height=\"1024\" srcset=\"https:\/\/portugalalma.com\/wp-content\/uploads\/2025\/11\/Villa-Algarve-16.webp 1280w, https:\/\/portugalalma.com\/wp-content\/uploads\/2025\/11\/Villa-Algarve-16-200x300.webp 200w, https:\/\/portugalalma.com\/wp-content\/uploads\/2025\/11\/Villa-Algarve-16-683x1024.webp 683w, https:\/\/portugalalma.com\/wp-content\/uploads\/2025\/11\/Villa-Algarve-16-768x1152.webp 768w, https:\/\/portugalalma.com\/wp-content\/uploads\/2025\/11\/Villa-Algarve-16-1024x1536.webp 1024w, https:\/\/portugalalma.com\/wp-content\/uploads\/2025\/11\/Villa-Algarve-16-8x12.webp 8w\" sizes=\"auto, (max-width: 1280px) 100vw, 1280px\" loading=\"lazy\">\n          \n                  <\/figure>\n      <\/a>\n\n                \n      <a class=\"ee-gallery-item ee-gallery-item--image ee-gallery-item--single\" href=\"https:\/\/portugalalma.com\/wp-content\/uploads\/2025\/11\/Villa-Algarve-25.webp\"  data-sub-html=\"<span><\/span>\" data-category=\"1\"                  data-lg-size=\"1280-1920\"\n\n      >\n        <figure class=\"ee-gallery-item-figure\">\n                        <img decoding=\"async\" class=\"breakdance-image-object\" src=\"https:\/\/portugalalma.com\/wp-content\/uploads\/2025\/11\/Villa-Algarve-25-683x1024.webp\" width=\"683\" height=\"1024\" srcset=\"https:\/\/portugalalma.com\/wp-content\/uploads\/2025\/11\/Villa-Algarve-25.webp 1280w, https:\/\/portugalalma.com\/wp-content\/uploads\/2025\/11\/Villa-Algarve-25-200x300.webp 200w, https:\/\/portugalalma.com\/wp-content\/uploads\/2025\/11\/Villa-Algarve-25-683x1024.webp 683w, https:\/\/portugalalma.com\/wp-content\/uploads\/2025\/11\/Villa-Algarve-25-768x1152.webp 768w, https:\/\/portugalalma.com\/wp-content\/uploads\/2025\/11\/Villa-Algarve-25-1024x1536.webp 1024w, https:\/\/portugalalma.com\/wp-content\/uploads\/2025\/11\/Villa-Algarve-25-8x12.webp 8w\" sizes=\"auto, (max-width: 1280px) 100vw, 1280px\" loading=\"lazy\">\n          \n                  <\/figure>\n      <\/a>\n\n                \n      <a class=\"ee-gallery-item ee-gallery-item--image ee-gallery-item--single\" href=\"https:\/\/portugalalma.com\/wp-content\/uploads\/2025\/11\/Villa-Algarve-31.webp\"  data-sub-html=\"<span><\/span>\" data-category=\"1\"                  data-lg-size=\"1280-1920\"\n\n      >\n        <figure class=\"ee-gallery-item-figure\">\n                        <img decoding=\"async\" class=\"breakdance-image-object\" src=\"https:\/\/portugalalma.com\/wp-content\/uploads\/2025\/11\/Villa-Algarve-31-683x1024.webp\" width=\"683\" height=\"1024\" srcset=\"https:\/\/portugalalma.com\/wp-content\/uploads\/2025\/11\/Villa-Algarve-31.webp 1280w, https:\/\/portugalalma.com\/wp-content\/uploads\/2025\/11\/Villa-Algarve-31-200x300.webp 200w, https:\/\/portugalalma.com\/wp-content\/uploads\/2025\/11\/Villa-Algarve-31-683x1024.webp 683w, https:\/\/portugalalma.com\/wp-content\/uploads\/2025\/11\/Villa-Algarve-31-768x1152.webp 768w, https:\/\/portugalalma.com\/wp-content\/uploads\/2025\/11\/Villa-Algarve-31-1024x1536.webp 1024w, https:\/\/portugalalma.com\/wp-content\/uploads\/2025\/11\/Villa-Algarve-31-8x12.webp 8w\" sizes=\"auto, (max-width: 1280px) 100vw, 1280px\" loading=\"lazy\">\n          \n                  <\/figure>\n      <\/a>\n\n                \n      <a class=\"ee-gallery-item ee-gallery-item--image ee-gallery-item--single\" href=\"https:\/\/portugalalma.com\/wp-content\/uploads\/2025\/11\/Villa-Algarve-62.webp\"  data-sub-html=\"<span><\/span>\" data-category=\"1\"                  data-lg-size=\"1280-1920\"\n\n      >\n        <figure class=\"ee-gallery-item-figure\">\n                        <img decoding=\"async\" class=\"breakdance-image-object\" src=\"https:\/\/portugalalma.com\/wp-content\/uploads\/2025\/11\/Villa-Algarve-62-683x1024.webp\" width=\"683\" height=\"1024\" srcset=\"https:\/\/portugalalma.com\/wp-content\/uploads\/2025\/11\/Villa-Algarve-62.webp 1280w, https:\/\/portugalalma.com\/wp-content\/uploads\/2025\/11\/Villa-Algarve-62-200x300.webp 200w, https:\/\/portugalalma.com\/wp-content\/uploads\/2025\/11\/Villa-Algarve-62-683x1024.webp 683w, https:\/\/portugalalma.com\/wp-content\/uploads\/2025\/11\/Villa-Algarve-62-768x1152.webp 768w, https:\/\/portugalalma.com\/wp-content\/uploads\/2025\/11\/Villa-Algarve-62-1024x1536.webp 1024w, https:\/\/portugalalma.com\/wp-content\/uploads\/2025\/11\/Villa-Algarve-62-8x12.webp 8w\" sizes=\"auto, (max-width: 1280px) 100vw, 1280px\" loading=\"lazy\">\n          \n                  <\/figure>\n      <\/a>\n\n                \n      <a class=\"ee-gallery-item ee-gallery-item--image ee-gallery-item--single\" href=\"https:\/\/portugalalma.com\/wp-content\/uploads\/2025\/11\/Villa-Algarve-61.webp\"  data-sub-html=\"<span><\/span>\" data-category=\"1\"                  data-lg-size=\"1280-1920\"\n\n      >\n        <figure class=\"ee-gallery-item-figure\">\n                        <img decoding=\"async\" class=\"breakdance-image-object\" src=\"https:\/\/portugalalma.com\/wp-content\/uploads\/2025\/11\/Villa-Algarve-61-683x1024.webp\" width=\"683\" height=\"1024\" srcset=\"https:\/\/portugalalma.com\/wp-content\/uploads\/2025\/11\/Villa-Algarve-61.webp 1280w, https:\/\/portugalalma.com\/wp-content\/uploads\/2025\/11\/Villa-Algarve-61-200x300.webp 200w, https:\/\/portugalalma.com\/wp-content\/uploads\/2025\/11\/Villa-Algarve-61-683x1024.webp 683w, https:\/\/portugalalma.com\/wp-content\/uploads\/2025\/11\/Villa-Algarve-61-768x1152.webp 768w, https:\/\/portugalalma.com\/wp-content\/uploads\/2025\/11\/Villa-Algarve-61-1024x1536.webp 1024w, https:\/\/portugalalma.com\/wp-content\/uploads\/2025\/11\/Villa-Algarve-61-8x12.webp 8w\" sizes=\"auto, (max-width: 1280px) 100vw, 1280px\" loading=\"lazy\">\n          \n                  <\/figure>\n      <\/a>\n\n                \n      <a class=\"ee-gallery-item ee-gallery-item--image ee-gallery-item--single\" href=\"https:\/\/portugalalma.com\/wp-content\/uploads\/2025\/11\/Villa-Algarve-54.webp\"  data-sub-html=\"<span><\/span>\" data-category=\"1\"                  data-lg-size=\"1280-1920\"\n\n      >\n        <figure class=\"ee-gallery-item-figure\">\n                        <img decoding=\"async\" class=\"breakdance-image-object\" src=\"https:\/\/portugalalma.com\/wp-content\/uploads\/2025\/11\/Villa-Algarve-54-683x1024.webp\" width=\"683\" height=\"1024\" srcset=\"https:\/\/portugalalma.com\/wp-content\/uploads\/2025\/11\/Villa-Algarve-54.webp 1280w, https:\/\/portugalalma.com\/wp-content\/uploads\/2025\/11\/Villa-Algarve-54-200x300.webp 200w, https:\/\/portugalalma.com\/wp-content\/uploads\/2025\/11\/Villa-Algarve-54-683x1024.webp 683w, https:\/\/portugalalma.com\/wp-content\/uploads\/2025\/11\/Villa-Algarve-54-768x1152.webp 768w, https:\/\/portugalalma.com\/wp-content\/uploads\/2025\/11\/Villa-Algarve-54-1024x1536.webp 1024w, https:\/\/portugalalma.com\/wp-content\/uploads\/2025\/11\/Villa-Algarve-54-8x12.webp 8w\" sizes=\"auto, (max-width: 1280px) 100vw, 1280px\" loading=\"lazy\">\n          \n                  <\/figure>\n      <\/a>\n\n                \n      <a class=\"ee-gallery-item ee-gallery-item--image ee-gallery-item--single\" href=\"https:\/\/portugalalma.com\/wp-content\/uploads\/2025\/11\/Villa-Algarve-271.webp\"  data-sub-html=\"<span><\/span>\" data-category=\"1\"                  data-lg-size=\"1280-1920\"\n\n      >\n        <figure class=\"ee-gallery-item-figure\">\n                        <img decoding=\"async\" class=\"breakdance-image-object\" src=\"https:\/\/portugalalma.com\/wp-content\/uploads\/2025\/11\/Villa-Algarve-271-683x1024.webp\" width=\"683\" height=\"1024\" srcset=\"https:\/\/portugalalma.com\/wp-content\/uploads\/2025\/11\/Villa-Algarve-271.webp 1280w, https:\/\/portugalalma.com\/wp-content\/uploads\/2025\/11\/Villa-Algarve-271-200x300.webp 200w, https:\/\/portugalalma.com\/wp-content\/uploads\/2025\/11\/Villa-Algarve-271-683x1024.webp 683w, https:\/\/portugalalma.com\/wp-content\/uploads\/2025\/11\/Villa-Algarve-271-768x1152.webp 768w, https:\/\/portugalalma.com\/wp-content\/uploads\/2025\/11\/Villa-Algarve-271-1024x1536.webp 1024w, https:\/\/portugalalma.com\/wp-content\/uploads\/2025\/11\/Villa-Algarve-271-8x12.webp 8w\" sizes=\"auto, (max-width: 1280px) 100vw, 1280px\" loading=\"lazy\">\n          \n                  <\/figure>\n      <\/a>\n\n                \n      <a class=\"ee-gallery-item ee-gallery-item--image ee-gallery-item--single\" href=\"https:\/\/portugalalma.com\/wp-content\/uploads\/2025\/11\/Villa-Algarve-204.webp\"  data-sub-html=\"<span><\/span>\" data-category=\"1\"                  data-lg-size=\"1280-1920\"\n\n      >\n        <figure class=\"ee-gallery-item-figure\">\n                        <img decoding=\"async\" class=\"breakdance-image-object\" src=\"https:\/\/portugalalma.com\/wp-content\/uploads\/2025\/11\/Villa-Algarve-204-683x1024.webp\" width=\"683\" height=\"1024\" srcset=\"https:\/\/portugalalma.com\/wp-content\/uploads\/2025\/11\/Villa-Algarve-204.webp 1280w, https:\/\/portugalalma.com\/wp-content\/uploads\/2025\/11\/Villa-Algarve-204-200x300.webp 200w, https:\/\/portugalalma.com\/wp-content\/uploads\/2025\/11\/Villa-Algarve-204-683x1024.webp 683w, https:\/\/portugalalma.com\/wp-content\/uploads\/2025\/11\/Villa-Algarve-204-768x1152.webp 768w, https:\/\/portugalalma.com\/wp-content\/uploads\/2025\/11\/Villa-Algarve-204-1024x1536.webp 1024w, https:\/\/portugalalma.com\/wp-content\/uploads\/2025\/11\/Villa-Algarve-204-8x12.webp 8w\" sizes=\"auto, (max-width: 1280px) 100vw, 1280px\" loading=\"lazy\">\n          \n                  <\/figure>\n      <\/a>\n\n                \n      <a class=\"ee-gallery-item ee-gallery-item--image ee-gallery-item--single\" href=\"https:\/\/portugalalma.com\/wp-content\/uploads\/2025\/11\/Villa-Algarve-218.webp\"  data-sub-html=\"<span><\/span>\" data-category=\"1\"                  data-lg-size=\"1920-1280\"\n\n      >\n        <figure class=\"ee-gallery-item-figure\">\n                        <img decoding=\"async\" class=\"breakdance-image-object\" src=\"https:\/\/portugalalma.com\/wp-content\/uploads\/2025\/11\/Villa-Algarve-218-1024x683.webp\" width=\"1024\" height=\"683\" srcset=\"https:\/\/portugalalma.com\/wp-content\/uploads\/2025\/11\/Villa-Algarve-218.webp 1920w, https:\/\/portugalalma.com\/wp-content\/uploads\/2025\/11\/Villa-Algarve-218-300x200.webp 300w, https:\/\/portugalalma.com\/wp-content\/uploads\/2025\/11\/Villa-Algarve-218-1024x683.webp 1024w, https:\/\/portugalalma.com\/wp-content\/uploads\/2025\/11\/Villa-Algarve-218-768x512.webp 768w, https:\/\/portugalalma.com\/wp-content\/uploads\/2025\/11\/Villa-Algarve-218-1536x1024.webp 1536w, https:\/\/portugalalma.com\/wp-content\/uploads\/2025\/11\/Villa-Algarve-218-18x12.webp 18w\" sizes=\"auto, (max-width: 1920px) 100vw, 1920px\" loading=\"lazy\">\n          \n                  <\/figure>\n      <\/a>\n\n      \n  <\/div>\n\n\n\n<\/div><\/div>\n<\/section>","protected":false},"excerpt":{"rendered":"<p>The Southern Sun Villa Algarve Algarve &#8211; Your Private Luxury Retreat This private, luxurious villa offers comfort and sun in the south of Portugal. 9.4\/10 Superb on Booking Welcome to Villa Algarve, a private and contemporary luxury retreat in the south of Portugal (Alcantarilha). This brand-new, top-tier property was created for absolute relaxation, offering an [&hellip;]<\/p>","protected":false},"author":2,"featured_media":0,"parent":21,"menu_order":0,"comment_status":"closed","ping_status":"closed","template":"","meta":{"_breakdance_hide_in_design_set":false,"_breakdance_tags":"","footnotes":""},"class_list":["post-3035","page","type-page","status-publish","hentry"],"_links":{"self":[{"href":"https:\/\/portugalalma.com\/pt\/wp-json\/wp\/v2\/pages\/3035","targetHints":{"allow":["GET"]}}],"collection":[{"href":"https:\/\/portugalalma.com\/pt\/wp-json\/wp\/v2\/pages"}],"about":[{"href":"https:\/\/portugalalma.com\/pt\/wp-json\/wp\/v2\/types\/page"}],"author":[{"embeddable":true,"href":"https:\/\/portugalalma.com\/pt\/wp-json\/wp\/v2\/users\/2"}],"replies":[{"embeddable":true,"href":"https:\/\/portugalalma.com\/pt\/wp-json\/wp\/v2\/comments?post=3035"}],"version-history":[{"count":14,"href":"https:\/\/portugalalma.com\/pt\/wp-json\/wp\/v2\/pages\/3035\/revisions"}],"predecessor-version":[{"id":3362,"href":"https:\/\/portugalalma.com\/pt\/wp-json\/wp\/v2\/pages\/3035\/revisions\/3362"}],"up":[{"embeddable":true,"href":"https:\/\/portugalalma.com\/pt\/wp-json\/wp\/v2\/pages\/21"}],"wp:attachment":[{"href":"https:\/\/portugalalma.com\/pt\/wp-json\/wp\/v2\/media?parent=3035"}],"curies":[{"name":"wp","href":"https:\/\/api.w.org\/{rel}","templated":true}]}}