{"id":2197,"date":"2025-11-13T14:27:23","date_gmt":"2025-11-13T14:27:23","guid":{"rendered":"https:\/\/portugalalma.com\/?page_id=2197"},"modified":"2025-12-11T23:35:23","modified_gmt":"2025-12-11T23:35:23","slug":"a-propos-de-nous","status":"publish","type":"page","link":"https:\/\/portugalalma.com\/fr\/a-propos-de-nous\/","title":{"rendered":"\u00c0 propos de nous"},"content":{"rendered":"<section class=\"bde-section-2197-100 bde-section\">\n              \n  \n  \n\t\n\n  <div class=\"section-background-overlay\"><\/div>\n\n\n<div class=\"section-container\"><h1 class=\"bde-heading-2197-101 bde-heading\">\nA propos de nous\n<\/h1><\/div>\n<\/section><section id=\"scroll\" class=\"bde-section-2197-103 bde-section\">\n  \n  \n\t\n\n\n\n<div class=\"section-container\"><div class=\"bde-columns-2197-104 bde-columns\"><div class=\"bde-column-2197-105 bde-column\">\n  \n  \n\t\n\n\n\n<div class=\"bde-rich-text-2197-127 bde-rich-text breakdance-rich-text-styles\">\n<p>Portugal Alma : <strong>Un voyage de 13 ans dans l'h\u00f4tellerie<\/strong><\/p><p>Portugal Alma est n\u00e9 d'une passion pour l'hospitalit\u00e9 et de la conviction que le Portugal est une destination unique qui doit \u00eatre v\u00e9cue.<\/p><p>Nous avons 13 ans d'exp\u00e9rience solide dans le secteur du tourisme, au cours desquels nous avons d\u00e9velopp\u00e9 notre vision de l'hospitalit\u00e9. Notre objectif est clair : offrir un h\u00e9bergement exceptionnel qui permette aux clients de vivre une exp\u00e9rience unique.<\/p><p>Dans chaque projet, notre principe fondamental est de construire et de d\u00e9corer chaque propri\u00e9t\u00e9 comme s'il s'agissait de notre propre maison. Cela se traduit par une s\u00e9lection minutieuse de mat\u00e9riaux de qualit\u00e9, une d\u00e9coration raffin\u00e9e et confortable, et une collaboration avec les meilleurs professionnels pour garantir des espaces avant tout agr\u00e9ables et profond\u00e9ment accueillants.<\/p><p>Nous vous invitons \u00e0 profiter de la qualit\u00e9, du confort et de l'authenticit\u00e9 qu'offrent nos propri\u00e9t\u00e9s.<\/p><p>Nous sommes impatients de partager avec vous l\u201c\u201d\u00e2me\" du Portugal et de cr\u00e9er des souvenirs inoubliables.<\/p>\n<\/div><img decoding=\"async\" class=\"bde-image2-2197-108 bde-image2\" src=\"https:\/\/portugalalma.com\/wp-content\/uploads\/2025\/11\/Villa-Algarve-198.webp\" loading=\"lazy\" srcset=\"https:\/\/portugalalma.com\/wp-content\/uploads\/2025\/11\/Villa-Algarve-198.webp 1280w, https:\/\/portugalalma.com\/wp-content\/uploads\/2025\/11\/Villa-Algarve-198-200x300.webp 200w, https:\/\/portugalalma.com\/wp-content\/uploads\/2025\/11\/Villa-Algarve-198-683x1024.webp 683w, https:\/\/portugalalma.com\/wp-content\/uploads\/2025\/11\/Villa-Algarve-198-768x1152.webp 768w, https:\/\/portugalalma.com\/wp-content\/uploads\/2025\/11\/Villa-Algarve-198-1024x1536.webp 1024w, https:\/\/portugalalma.com\/wp-content\/uploads\/2025\/11\/Villa-Algarve-198-8x12.webp 8w\" sizes=\"(max-width: 1280px) 100vw, 1280px\">\n<\/div><div class=\"bde-column-2197-109 bde-column\">\n  \n  \n\t\n\n\n\n<img decoding=\"async\" class=\"bde-image2-2197-110 bde-image2\" src=\"https:\/\/portugalalma.com\/wp-content\/uploads\/2025\/11\/Villa-Algarve-249.webp\" loading=\"lazy\" srcset=\"https:\/\/portugalalma.com\/wp-content\/uploads\/2025\/11\/Villa-Algarve-249.webp 1280w, https:\/\/portugalalma.com\/wp-content\/uploads\/2025\/11\/Villa-Algarve-249-200x300.webp 200w, https:\/\/portugalalma.com\/wp-content\/uploads\/2025\/11\/Villa-Algarve-249-683x1024.webp 683w, https:\/\/portugalalma.com\/wp-content\/uploads\/2025\/11\/Villa-Algarve-249-768x1152.webp 768w, https:\/\/portugalalma.com\/wp-content\/uploads\/2025\/11\/Villa-Algarve-249-1024x1536.webp 1024w, https:\/\/portugalalma.com\/wp-content\/uploads\/2025\/11\/Villa-Algarve-249-8x12.webp 8w\" sizes=\"(max-width: 1280px) 100vw, 1280px\"><div class=\"bde-rich-text-2197-141 bde-rich-text breakdance-rich-text-styles\">\n<p><strong>Notre vision est d'offrir plus qu'un simple endroit o\u00f9 dormir ; nous offrons une collection d'exp\u00e9riences soigneusement s\u00e9lectionn\u00e9es qui capturent la v\u00e9ritable \u00e2me du Portugal.<\/strong>\u00a0<\/p><p>Du c\u0153ur historique et vibrant de Porto aux paysages viticoles sereins de la vall\u00e9e du Douro, en passant par les villas priv\u00e9es baign\u00e9es de soleil de l'Algarve.<\/p><p><strong>Portugal Alma offre le m\u00eame niveau \u00e9lev\u00e9 de qualit\u00e9, de service et de soins personnalis\u00e9s, quelle que soit votre destination.<\/strong><\/p>\n<\/div><img decoding=\"async\" class=\"bde-image2-2197-114 bde-image2\" src=\"https:\/\/portugalalma.com\/wp-content\/uploads\/2025\/11\/Villa-Algarve-249.webp\" loading=\"lazy\" srcset=\"https:\/\/portugalalma.com\/wp-content\/uploads\/2025\/11\/Villa-Algarve-249.webp 1280w, https:\/\/portugalalma.com\/wp-content\/uploads\/2025\/11\/Villa-Algarve-249-200x300.webp 200w, https:\/\/portugalalma.com\/wp-content\/uploads\/2025\/11\/Villa-Algarve-249-683x1024.webp 683w, https:\/\/portugalalma.com\/wp-content\/uploads\/2025\/11\/Villa-Algarve-249-768x1152.webp 768w, https:\/\/portugalalma.com\/wp-content\/uploads\/2025\/11\/Villa-Algarve-249-1024x1536.webp 1024w, https:\/\/portugalalma.com\/wp-content\/uploads\/2025\/11\/Villa-Algarve-249-8x12.webp 8w\" sizes=\"(max-width: 1280px) 100vw, 1280px\">\n<\/div><\/div><\/div>\n<\/section><section class=\"bde-section-2197-129 bde-section\">\n  \n  \n\t\n\n\n\n<div class=\"section-container\"><div class=\"bde-columns-2197-130 bde-columns\"><div class=\"bde-column-2197-131 bde-column\">\n  \n  \n\t\n\n\n\n<div class=\"bde-div-2197-132 bde-div\">\n  \n  \n\t\n\n\n\n<img decoding=\"async\" class=\"bde-image2-2197-133 bde-image2\" src=\"https:\/\/portugalalma.com\/wp-content\/uploads\/2025\/11\/favicon-1.webp\" loading=\"lazy\" srcset=\"https:\/\/portugalalma.com\/wp-content\/uploads\/2025\/11\/favicon-1.webp 272w, https:\/\/portugalalma.com\/wp-content\/uploads\/2025\/11\/favicon-1-150x150.webp 150w, https:\/\/portugalalma.com\/wp-content\/uploads\/2025\/11\/favicon-1-12x12.webp 12w\" sizes=\"(max-width: 272px) 100vw, 272px\"><h3 class=\"bde-heading-2197-134 bde-heading\">\nPourquoi choisir<br>Portugal Alma ?\n<\/h3>\n<\/div><div class=\"bde-grid-2197-135 bde-grid\">\n  \n  \n\t\n\n\n\n<div class=\"bde-icon-box-2197-136 bde-icon-box\">\n\n    \n            <div class=\"ee-iconbox-icon breakdance-icon-atom\" >\n    \n                    <svg xmlns=\"http:\/\/www.w3.org\/2000\/svg\" id=\"icon-home3\" viewbox=\"0 0 32 32\">\n<path d=\"M32 19l-6-6v-9h-4v5l-6-6-16 16v1h4v10h10v-6h4v6h10v-10h4z\"\/>\n<\/svg>\n        \n        \n        \n            <\/div>\n    \n\n<div class=\"ee-iconbox-content\">\n      <h3 class=\"ee-iconbox-title bde-h3\" >Maisons d'h\u00f4tes haut de gamme<\/h3>\n        <div class=\"ee-iconbox-text\" > D\u00e9couvrez la collection de maisons d'h\u00f4tes haut de gamme de Portugal ALma. D\u00e9couvrez la v\u00e9ritable essence de Porto, la s\u00e9r\u00e9nit\u00e9 de la vall\u00e9e de Paiva et le soleil de l'Algarve. R\u00e9servez d\u00e8s maintenant votre authentique escapade portugaise.<\/div>\n    <\/div>\n\n<\/div><div class=\"bde-icon-box-2197-137 bde-icon-box\">\n\n    \n            <div class=\"ee-iconbox-icon breakdance-icon-atom\" >\n    \n                    <svg xmlns=\"http:\/\/www.w3.org\/2000\/svg\" viewbox=\"0 0 576 512\"><!--! Font Awesome Free 6.5.1 by @fontawesome - https:\/\/fontawesome.com License - https:\/\/fontawesome.com\/license\/free (Icons: CC BY 4.0, Fonts: SIL OFL 1.1, Code: MIT License) Copyright 2023 Fonticons, Inc. --><path d=\"M163.9 136.9c-29.4-29.8-29.4-78.2 0-108s77-29.8 106.4 0l17.7 18 17.7-18c29.4-29.8 77-29.8 106.4 0s29.4 78.2 0 108L310.5 240.1c-6.2 6.3-14.3 9.4-22.5 9.4s-16.3-3.1-22.5-9.4L163.9 136.9zM568.2 336.3c13.1 17.8 9.3 42.8-8.5 55.9L433.1 485.5c-23.4 17.2-51.6 26.5-80.7 26.5H192 32c-17.7 0-32-14.3-32-32V416c0-17.7 14.3-32 32-32H68.8l44.9-36c22.7-18.2 50.9-28 80-28H272h16 64c17.7 0 32 14.3 32 32s-14.3 32-32 32H288 272c-8.8 0-16 7.2-16 16s7.2 16 16 16H392.6l119.7-88.2c17.8-13.1 42.8-9.3 55.9 8.5zM193.6 384l0 0-.9 0c.3 0 .6 0 .9 0z\"\/><\/svg>\n        \n        \n        \n            <\/div>\n    \n\n<div class=\"ee-iconbox-content\">\n      <h3 class=\"ee-iconbox-title bde-h3\" >Des services adapt\u00e9s \u00e0 nos h\u00f4tes<\/h3>\n        <div class=\"ee-iconbox-text\" ><b>Notre mission est de vous offrir une exp\u00e9rience inoubliable.<\/b> C'est pourquoi nous avons s\u00e9lectionn\u00e9 des suggestions et des inspirations pour rendre votre voyage sp\u00e9cial : des restaurants les plus authentiques aux exp\u00e9riences de nature qui vous permettront de d\u00e9couvrir l'essence de la r\u00e9gion.<\/div>\n    <\/div>\n\n<\/div><div class=\"bde-icon-box-2197-138 bde-icon-box\">\n\n    \n            <div class=\"ee-iconbox-icon breakdance-icon-atom\" >\n    \n                    <svg xmlns=\"http:\/\/www.w3.org\/2000\/svg\" viewbox=\"0 0 640 512\"><!--! Font Awesome Free 6.5.1 by @fontawesome - https:\/\/fontawesome.com License - https:\/\/fontawesome.com\/license\/free (Icons: CC BY 4.0, Fonts: SIL OFL 1.1, Code: MIT License) Copyright 2023 Fonticons, Inc. --><path d=\"M320 0a128 128 0 1 1 0 256A128 128 0 1 1 320 0zM40 64c22.1 0 40 17.9 40 40v40 80 40.2c0 17 6.7 33.3 18.7 45.3l51.1 51.1c8.3 8.3 21.3 9.6 31 3.1c12.9-8.6 14.7-26.9 3.7-37.8l-15.2-15.2-32-32c-12.5-12.5-12.5-32.8 0-45.3s32.8-12.5 45.3 0l32 32 15.2 15.2 0 0 25.3 25.3c21 21 32.8 49.5 32.8 79.2V464c0 26.5-21.5 48-48 48H173.3c-17 0-33.3-6.7-45.3-18.7L28.1 393.4C10.1 375.4 0 351 0 325.5V224 160 104C0 81.9 17.9 64 40 64zm560 0c22.1 0 40 17.9 40 40v56 64V325.5c0 25.5-10.1 49.9-28.1 67.9L512 493.3c-12 12-28.3 18.7-45.3 18.7H400c-26.5 0-48-21.5-48-48V385.1c0-29.7 11.8-58.2 32.8-79.2l25.3-25.3 0 0 15.2-15.2 32-32c12.5-12.5 32.8-12.5 45.3 0s12.5 32.8 0 45.3l-32 32-15.2 15.2c-11 11-9.2 29.2 3.7 37.8c9.7 6.5 22.7 5.2 31-3.1l51.1-51.1c12-12 18.7-28.3 18.7-45.3V224 144 104c0-22.1 17.9-40 40-40z\"\/><\/svg>\n        \n        \n        \n            <\/div>\n    \n\n<div class=\"ee-iconbox-content\">\n      <h3 class=\"ee-iconbox-title bde-h3\" >Notre exp\u00e9rience \u00e9prouv\u00e9e  <\/h3>\n        <div class=\"ee-iconbox-text\" >Portugal Alma s'appuie sur plus de 13 ans d'hospitalit\u00e9 r\u00e9ussie. Cette collection est le r\u00e9sultat d'une gestion et d'un accueil r\u00e9ussis \u00e0 la Guesthouse Oporto (9 ans) et \u00e0 la Villa Algarve (4 ans). Faites confiance \u00e0 notre expertise.<\/div>\n    <\/div>\n\n<\/div><div class=\"bde-icon-box-2197-139 bde-icon-box\">\n\n    \n            <div class=\"ee-iconbox-icon breakdance-icon-atom\" >\n    \n                    <svg xmlns=\"http:\/\/www.w3.org\/2000\/svg\" id=\"icon-price-tag\" viewbox=\"0 0 32 32\">\n<path d=\"M30.5 0h-12c-0.825 0-1.977 0.477-2.561 1.061l-14.879 14.879c-0.583 0.583-0.583 1.538 0 2.121l12.879 12.879c0.583 0.583 1.538 0.583 2.121 0l14.879-14.879c0.583-0.583 1.061-1.736 1.061-2.561v-12c0-0.825-0.675-1.5-1.5-1.5zM23 12c-1.657 0-3-1.343-3-3s1.343-3 3-3 3 1.343 3 3-1.343 3-3 3z\"\/>\n<\/svg>\n        \n        \n        \n            <\/div>\n    \n\n<div class=\"ee-iconbox-content\">\n      <h3 class=\"ee-iconbox-title bde-h3\" >Meilleurs tarifs pour les r\u00e9servations sur notre site web<\/h3>\n        <div class=\"ee-iconbox-text\" >Acc\u00e9dez aux meilleurs tarifs et aux avantages exclusifs r\u00e9serv\u00e9s uniquement \u00e0 ceux qui choisissent de r\u00e9server sur notre site officiel. <\/div>\n            \n                                    \n    \n    \n    \n    \n            \n                    \n            \n            \n\n    \n    \n    \n    \n    \n    <a class=\"breakdance-link button-atom button-atom--text ee-iconbox-button\" href=\"#\" target=\"_blank\" data-type=\"url\"  >\n\n    \n        <span class=\"button-atom__text\">R\u00c9SERVEZ MAINTENANT<\/span>\n\n        \n                    \n    <span class=\"button-atom__icon-wrapper\">\n\n        \n            <svg xmlns=\"http:\/\/www.w3.org\/2000\/svg\" viewbox=\"0 0 448 512\"><!--! Font Awesome Free 6.5.1 by @fontawesome - https:\/\/fontawesome.com License - https:\/\/fontawesome.com\/license\/free (Icons: CC BY 4.0, Fonts: SIL OFL 1.1, Code: MIT License) Copyright 2023 Fonticons, Inc. --><path d=\"M438.6 278.6c12.5-12.5 12.5-32.8 0-45.3l-160-160c-12.5-12.5-32.8-12.5-45.3 0s-12.5 32.8 0 45.3L338.8 224 32 224c-17.7 0-32 14.3-32 32s14.3 32 32 32l306.7 0L233.4 393.4c-12.5 12.5-12.5 32.8 0 45.3s32.8 12.5 45.3 0l160-160z\"\/><\/svg>\n\n        \n    <\/span>\n\n\n        \n                <\/a>\n\n    \n\n  <\/div>\n\n<\/div>\n<\/div>\n<\/div><div class=\"bde-column-2197-140 bde-column\">\n  \n  \n\t\n\n\n\n\n<\/div><\/div><\/div>\n<\/section>","protected":false},"excerpt":{"rendered":"<p>About us Portugal Alma: A 13-Year Journey in HospitalityPortugal Alma was born out of a passion for hospitality and the conviction that Portugal is a unique destination that must be experienced.We have 13 years of solid experience in the tourism sector, during which time we have developed our vision of hospitality. Our focus is clear: [&hellip;]<\/p>","protected":false},"author":2,"featured_media":0,"parent":0,"menu_order":0,"comment_status":"closed","ping_status":"closed","template":"","meta":{"_breakdance_hide_in_design_set":false,"_breakdance_tags":"","footnotes":""},"class_list":["post-2197","page","type-page","status-publish","hentry"],"_links":{"self":[{"href":"https:\/\/portugalalma.com\/fr\/wp-json\/wp\/v2\/pages\/2197","targetHints":{"allow":["GET"]}}],"collection":[{"href":"https:\/\/portugalalma.com\/fr\/wp-json\/wp\/v2\/pages"}],"about":[{"href":"https:\/\/portugalalma.com\/fr\/wp-json\/wp\/v2\/types\/page"}],"author":[{"embeddable":true,"href":"https:\/\/portugalalma.com\/fr\/wp-json\/wp\/v2\/users\/2"}],"replies":[{"embeddable":true,"href":"https:\/\/portugalalma.com\/fr\/wp-json\/wp\/v2\/comments?post=2197"}],"version-history":[{"count":25,"href":"https:\/\/portugalalma.com\/fr\/wp-json\/wp\/v2\/pages\/2197\/revisions"}],"predecessor-version":[{"id":3319,"href":"https:\/\/portugalalma.com\/fr\/wp-json\/wp\/v2\/pages\/2197\/revisions\/3319"}],"wp:attachment":[{"href":"https:\/\/portugalalma.com\/fr\/wp-json\/wp\/v2\/media?parent=2197"}],"curies":[{"name":"wp","href":"https:\/\/api.w.org\/{rel}","templated":true}]}}